{"id":14956,"date":"2015-12-23T20:06:52","date_gmt":"2015-12-23T19:06:52","guid":{"rendered":"https:\/\/www.keturist.sk\/info\/?page_id=14956"},"modified":"2021-11-18T18:08:05","modified_gmt":"2021-11-18T17:08:05","slug":"obec-nizna-mysla","status":"publish","type":"page","link":"https:\/\/www.keturist.sk\/info\/kam-za-pamiatkami\/kam-za-pamiatkami-smer-slanske-vrchy\/obec-nizna-mysla\/","title":{"rendered":"Obec Ni\u017en\u00e1 My\u0161\u013ea"},"content":{"rendered":"<a href=\"https:\/\/www.keturist.sk\/info\/\" class=\"su-button su-button-style-default\" style=\"color:#000000;background-color:#FFCF2F;border-color:#cca626;border-radius:5px\" target=\"_self\"><span style=\"color:#000000;padding:6px 16px;font-size:13px;line-height:20px;border-color:#ffde6e;border-radius:5px;text-shadow:none\"><i class=\"sui sui-arrow-right\" style=\"font-size:13px;color:#000000\"><\/i>  Spravodaj <\/span><\/a>\n<a href=\"https:\/\/www.keturist.sk\/info\/tipy-na-vylety\/\" class=\"su-button su-button-style-default\" style=\"color:#000000;background-color:#FFCF2F;border-color:#cca626;border-radius:5px\" target=\"_self\"><span style=\"color:#000000;padding:6px 16px;font-size:13px;line-height:20px;border-color:#ffde6e;border-radius:5px;text-shadow:none\"><i class=\"sui sui-arrow-right\" style=\"font-size:13px;color:#000000\"><\/i>  TIPY NA V\u00ddLETY <\/span><\/a>\n<a href=\"https:\/\/www.keturist.sk\/info\/turisticke-vychodiska\/\" class=\"su-button su-button-style-default\" style=\"color:#000000;background-color:#FFCF2F;border-color:#cca626;border-radius:5px\" target=\"_self\"><span style=\"color:#000000;padding:6px 16px;font-size:13px;line-height:20px;border-color:#ffde6e;border-radius:5px;text-shadow:none\"><i class=\"sui sui-arrow-right\" style=\"font-size:13px;color:#000000\"><\/i>  Turistick\u00e9 v\u00fdchodisk\u00e1 <\/span><\/a>\n<a href=\"https:\/\/www.keturist.sk\/info\/turisticke-vychodiska\/smer-slanske-vrchy\/\" class=\"su-button su-button-style-default\" style=\"color:#000000;background-color:#FFCF2F;border-color:#cca626;border-radius:5px\" target=\"_self\"><span style=\"color:#000000;padding:6px 16px;font-size:13px;line-height:20px;border-color:#ffde6e;border-radius:5px;text-shadow:none\"><i class=\"sui sui-arrow-right\" style=\"font-size:13px;color:#000000\"><\/i>  Smer Slansk\u00e9 vrchy <\/span><\/a>\n<div class=\"su-divider su-divider-style-default\" style=\"margin:15px 0;border-width:2px;border-color:#000000\"><\/div>\n<div class=\"su-accordion su-u-trim\">\n<div class=\"su-spoiler su-spoiler-style-fancy su-spoiler-icon-plus su-spoiler-closed\" data-scroll-offset=\"0\" data-anchor-in-url=\"no\"><div class=\"su-spoiler-title\" tabindex=\"0\" role=\"button\"><span class=\"su-spoiler-icon\"><\/span>Textov\u00e9 menu - Turistick\u00e9 v\u00fdchodisk\u00e1 - Slansk\u00e9 vrchy - juh<\/div><div class=\"su-spoiler-content su-u-clearfix su-u-trim\">\n<code><div class=\"column-group columns-2\"><div class=\"column column-number-1 column-span-1\"><p><\/code><strong>\u0160portovo-rekrea\u010dn\u00e9 stredisk\u00e1: <\/strong><br \/>\n<a href=\"https:\/\/www.keturist.sk\/info\/smer-slanske-vrchy\/kupele-borda\/\">K\u00fapele Borda<\/a><br \/>\n<a href=\"https:\/\/www.keturist.sk\/info\/smer-slanske-vrchy\/obec-bysta-bysta-kupele\/\">K\u00fapele By\u0161ta-Obec By\u0161ta<\/a><br \/>\n<a href=\"https:\/\/www.keturist.sk\/info\/smer-slanske-vrchy\/rekreacne-stredisko-izra\/\">Stredisko Izra<\/a><br \/>\n<strong>Obce:<\/strong><br \/>\n<a href=\"https:\/\/www.keturist.sk\/info\/smer-slanske-vrchy\/obec-dargov\/\">Dargov<\/a><br \/>\n<a href=\"https:\/\/www.keturist.sk\/info\/smer-slanske-vrchy\/obec-herlany\/\">Her\u013eany<\/a><\/p>\n<\/div><div class=\"column column-number-2 last column-span-1\"><p><a href=\"https:\/\/www.keturist.sk\/info\/smer-slanske-vrchy\/obec-kalsa\/\">Obec Kal\u0161a<\/a><br \/>\n<a href=\"https:\/\/www.keturist.sk\/info\/kam-za-pamiatkami\/kam-za-pamiatkami-smer-slanske-vrchy\/obec-nizna-mysla\/\">Ni\u017en\u00e1 My\u0161\u013ea<\/a><br \/>\n<a href=\"https:\/\/www.keturist.sk\/info\/smer-slanske-vrchy\/obec-ruskov\/\">Ruskov<\/a><br \/>\n<a href=\"https:\/\/www.keturist.sk\/info\/smer-slanske-vrchy\/obec-skaros\/\">Sk\u00e1ro\u0161<\/a><br \/>\n<a href=\"https:\/\/www.keturist.sk\/info\/smer-slanske-vrchy\/obec-slanec\/\">Slanec<\/a><br \/>\n<a href=\"https:\/\/www.keturist.sk\/info\/smer-slanske-vrchy\/obec-slanska-huta\/\">Slansk\u00e1 Huta<\/a><br \/>\n<a href=\"https:\/\/www.keturist.sk\/info\/smer-slanske-vrchy\/obec-vysna-mysla\/\">Vy\u0161n\u00e1 My\u0161\u013ea<\/a><\/p>\n<\/div><\/div><\/div><\/div><\/div>\n<div class=\"su-divider su-divider-style-default\" style=\"margin:15px 0;border-width:2px;border-color:#000000\"><\/div>\n<h3><span style=\"color: #808000;\">V\u0161eobecn\u00e9 inform\u00e1cie<\/span><\/h3>\n<p>Ni\u017en\u00e1 My\u0161\u013ea\u00a0(ma\u010f. Als\u00f3mislye) sa nach\u00e1dza na rozhran\u00ed <a href=\"https:\/\/www.keturist.sk\/info\/kam-do-prirody\/kosicka-kotlina\/\">Ko\u0161ickej kotliny<\/a> a \u00fap\u00e4tia <a href=\"https:\/\/www.keturist.sk\/info\/okolite-hory\/slanske-vrchy\/\">Slansk\u00fdch vrchov<\/a>, na s\u00fatoku riek <a href=\"https:\/\/www.keturist.sk\/info\/kam-do-prirody\/kam-do-prirody-smer-volovske-vrchy\/rieka-hornad\/\">Horn\u00e1d<\/a>, Ol\u0161ava a Torysa.<\/p>\n<figure id=\"attachment_38643\" aria-describedby=\"caption-attachment-38643\" style=\"width: 800px\" class=\"wp-caption aligncenter\"><a href=\"https:\/\/www.keturist.sk\/info\/wp-content\/uploads\/2021\/02\/nizna-mysla.jpg\"><img loading=\"lazy\" decoding=\"async\" class=\"wp-image-38643 size-full\" src=\"https:\/\/www.keturist.sk\/info\/wp-content\/uploads\/2021\/02\/nizna-mysla.jpg\" alt=\"\" width=\"800\" height=\"600\" srcset=\"https:\/\/www.keturist.sk\/info\/wp-content\/uploads\/2021\/02\/nizna-mysla.jpg 800w, https:\/\/www.keturist.sk\/info\/wp-content\/uploads\/2021\/02\/nizna-mysla-240x180.jpg 240w, https:\/\/www.keturist.sk\/info\/wp-content\/uploads\/2021\/02\/nizna-mysla-768x576.jpg 768w\" sizes=\"auto, (max-width: 800px) 100vw, 800px\" \/><\/a><figcaption id=\"caption-attachment-38643\" class=\"wp-caption-text\">r\u00edmskokatol\u00edcky kostol sv. Mikul\u00e1\u0161a<\/figcaption><\/figure>\n<p>Od <a href=\"https:\/\/www.keturist.sk\/info\/vseobecne-informacie\/mesto-kosice\/\">Ko\u0161\u00edc<\/a> je obec vzdialen\u00e1 pribli\u017ene 12 km.<\/p>\n<p>Obec le\u017e\u00ed v nadmorskej v\u00fd\u0161ke 235 m n.m., 175 &#8211; 240 m.n.m. v chot\u00e1ri.<\/p>\n<figure id=\"attachment_35844\" aria-describedby=\"caption-attachment-35844\" style=\"width: 800px\" class=\"wp-caption aligncenter\"><a href=\"https:\/\/www.keturist.sk\/info\/wp-content\/uploads\/2020\/11\/nizna-mysla1.jpg\"><img loading=\"lazy\" decoding=\"async\" class=\"wp-image-35844 size-full\" src=\"https:\/\/www.keturist.sk\/info\/wp-content\/uploads\/2020\/11\/nizna-mysla1.jpg\" alt=\"\" width=\"800\" height=\"600\" srcset=\"https:\/\/www.keturist.sk\/info\/wp-content\/uploads\/2020\/11\/nizna-mysla1.jpg 800w, https:\/\/www.keturist.sk\/info\/wp-content\/uploads\/2020\/11\/nizna-mysla1-240x180.jpg 240w, https:\/\/www.keturist.sk\/info\/wp-content\/uploads\/2020\/11\/nizna-mysla1-768x576.jpg 768w\" sizes=\"auto, (max-width: 800px) 100vw, 800px\" \/><\/a><figcaption id=\"caption-attachment-35844\" class=\"wp-caption-text\">Obec Ni\u017en\u00e1 My\u0161\u013ea<\/figcaption><\/figure>\n<p>V\u00fdmera katastr\u00e1lneho \u00fazemia je 1262 ha.<\/p>\n<p>Obec Ni\u017en\u00e1 My\u0161\u013ea predstavuje jedno z najbohat\u0161\u00edch archeologick\u00fdch n\u00e1lez\u00edsk na Slovensku.<\/p>\n<figure id=\"attachment_37266\" aria-describedby=\"caption-attachment-37266\" style=\"width: 800px\" class=\"wp-caption aligncenter\"><a href=\"https:\/\/www.keturist.sk\/info\/wp-content\/uploads\/2020\/12\/varhegy1.jpg\"><img loading=\"lazy\" decoding=\"async\" class=\"wp-image-37266 size-full\" src=\"https:\/\/www.keturist.sk\/info\/wp-content\/uploads\/2020\/12\/varhegy1.jpg\" alt=\"\" width=\"800\" height=\"600\" srcset=\"https:\/\/www.keturist.sk\/info\/wp-content\/uploads\/2020\/12\/varhegy1.jpg 800w, https:\/\/www.keturist.sk\/info\/wp-content\/uploads\/2020\/12\/varhegy1-240x180.jpg 240w, https:\/\/www.keturist.sk\/info\/wp-content\/uploads\/2020\/12\/varhegy1-768x576.jpg 768w\" sizes=\"auto, (max-width: 800px) 100vw, 800px\" \/><\/a><figcaption id=\"caption-attachment-37266\" class=\"wp-caption-text\">Replika zrubu v Osade I<\/figcaption><\/figure>\n<p>Nach\u00e1dzaj\u00fa sa tu stopy po os\u00eddlen\u00ed v obdob\u00ed praveku.<\/p>\n<p>V okol\u00ed obce prebieha intenz\u00edvny archeologick\u00fd v\u00fdskum os\u00eddlenia z mlad\u0161ej doby bronzovej.<\/p>\n<figure id=\"attachment_34610\" aria-describedby=\"caption-attachment-34610\" style=\"width: 800px\" class=\"wp-caption aligncenter\"><a href=\"https:\/\/www.keturist.sk\/info\/wp-content\/uploads\/2020\/11\/archeoskanzen6.jpg\"><img loading=\"lazy\" decoding=\"async\" class=\"wp-image-34610 size-medium\" src=\"https:\/\/www.keturist.sk\/info\/wp-content\/uploads\/2020\/11\/archeoskanzen6-800x534.jpg\" alt=\"\" width=\"800\" height=\"534\" srcset=\"https:\/\/www.keturist.sk\/info\/wp-content\/uploads\/2020\/11\/archeoskanzen6-800x534.jpg 800w, https:\/\/www.keturist.sk\/info\/wp-content\/uploads\/2020\/11\/archeoskanzen6-270x180.jpg 270w, https:\/\/www.keturist.sk\/info\/wp-content\/uploads\/2020\/11\/archeoskanzen6-768x512.jpg 768w, https:\/\/www.keturist.sk\/info\/wp-content\/uploads\/2020\/11\/archeoskanzen6.jpg 1000w\" sizes=\"auto, (max-width: 800px) 100vw, 800px\" \/><\/a><figcaption id=\"caption-attachment-34610\" class=\"wp-caption-text\">Archeologick\u00e9 n\u00e1lezisko a skanzen V\u00e1rhegy v Ni\u017enej My\u0161li, fotograf: Marcin\u010din Jozef<\/figcaption><\/figure>\n<p>Ni\u017en\u00e1 My\u0161\u013ea bola ozna\u010den\u00e1 za archeologick\u00fa lokalitu u\u017e v roku 1892.<\/p>\n<p>Ako prv\u00e1 tu bola spomenut\u00e1 lokalita Skalka, n\u00e1sledne Alamenev, Koscelek, Mo\u013eva, Prepo\u0161tstvo a V\u00e1rhe\u010f (Varh\u00e9gy).<\/p>\n<p>V <a href=\"https:\/\/www.keturist.sk\/info\/kam-za-pamiatkami\/kam-za-pamiatkami-kosicka-kotlina\/archeologicke-nalezisko-v-niznej-mysli\/\">archeologickom n\u00e1lezisku Varh\u00e9gy<\/a> sa nach\u00e1dzaj\u00fa repliky zrubov obydlia zo star\u0161ej a strednej doby bronzovej.<\/p>\n<figure id=\"attachment_37279\" aria-describedby=\"caption-attachment-37279\" style=\"width: 800px\" class=\"wp-caption aligncenter\"><a href=\"https:\/\/www.keturist.sk\/info\/wp-content\/uploads\/2020\/12\/klastor-mysla2.jpg\"><img loading=\"lazy\" decoding=\"async\" class=\"wp-image-37279 size-full\" src=\"https:\/\/www.keturist.sk\/info\/wp-content\/uploads\/2020\/12\/klastor-mysla2.jpg\" alt=\"\" width=\"800\" height=\"600\" srcset=\"https:\/\/www.keturist.sk\/info\/wp-content\/uploads\/2020\/12\/klastor-mysla2.jpg 800w, https:\/\/www.keturist.sk\/info\/wp-content\/uploads\/2020\/12\/klastor-mysla2-240x180.jpg 240w, https:\/\/www.keturist.sk\/info\/wp-content\/uploads\/2020\/12\/klastor-mysla2-768x576.jpg 768w\" sizes=\"auto, (max-width: 800px) 100vw, 800px\" \/><\/a><figcaption id=\"caption-attachment-37279\" class=\"wp-caption-text\">My\u0161\u013eansk\u00e9 obecn\u00e9 m\u00fazeum<\/figcaption><\/figure>\n<p>Expon\u00e1ty s\u00fa vystavovan\u00e9 v miestnom m\u00fazeu zriadenom v priestoroch b\u00fdval\u00e9ho kl\u00e1\u0161tora z 13. storo\u010dia.<\/p>\n<p>V rokoch 1573 \u2013 1643 sa vlastn\u00edkom kl\u00e1\u0161tora stala kalv\u00ednska rodina <strong>\u0160tefana Katayho<\/strong>, ktor\u00e1 kl\u00e1\u0161tor prestavala na <strong>renesan\u010dn\u00fd ka\u0161tie\u013e<\/strong>.<\/p>\n<figure id=\"attachment_35845\" aria-describedby=\"caption-attachment-35845\" style=\"width: 800px\" class=\"wp-caption aligncenter\"><a href=\"https:\/\/www.keturist.sk\/info\/wp-content\/uploads\/2020\/11\/nizna-mysla3.jpg\"><img loading=\"lazy\" decoding=\"async\" class=\"wp-image-35845 size-full\" src=\"https:\/\/www.keturist.sk\/info\/wp-content\/uploads\/2020\/11\/nizna-mysla3.jpg\" alt=\"\" width=\"800\" height=\"600\" srcset=\"https:\/\/www.keturist.sk\/info\/wp-content\/uploads\/2020\/11\/nizna-mysla3.jpg 800w, https:\/\/www.keturist.sk\/info\/wp-content\/uploads\/2020\/11\/nizna-mysla3-240x180.jpg 240w, https:\/\/www.keturist.sk\/info\/wp-content\/uploads\/2020\/11\/nizna-mysla3-768x576.jpg 768w\" sizes=\"auto, (max-width: 800px) 100vw, 800px\" \/><\/a><figcaption id=\"caption-attachment-35845\" class=\"wp-caption-text\">Kaplnka Sedembolestnej P. M\u00e1rie<\/figcaption><\/figure>\n<p>Ved\u013ea kl\u00e1\u0161tora sa nach\u00e1dza pamiatka r\u00edmskokatol\u00edcky kostol sv. Mikul\u00e1\u0161a, ktor\u00fd je dominantou obce.<\/p>\n<p>V obci sa zachovalo aj nieko\u013eko sedliackych domov z konca 19. a za\u010diatku 20. storo\u010dia.<\/p>\n<figure id=\"attachment_35846\" aria-describedby=\"caption-attachment-35846\" style=\"width: 800px\" class=\"wp-caption aligncenter\"><a href=\"https:\/\/www.keturist.sk\/info\/wp-content\/uploads\/2020\/11\/nizna-mysla2.jpg\"><img loading=\"lazy\" decoding=\"async\" class=\"wp-image-35846 size-full\" src=\"https:\/\/www.keturist.sk\/info\/wp-content\/uploads\/2020\/11\/nizna-mysla2.jpg\" alt=\"\" width=\"800\" height=\"600\" srcset=\"https:\/\/www.keturist.sk\/info\/wp-content\/uploads\/2020\/11\/nizna-mysla2.jpg 800w, https:\/\/www.keturist.sk\/info\/wp-content\/uploads\/2020\/11\/nizna-mysla2-240x180.jpg 240w, https:\/\/www.keturist.sk\/info\/wp-content\/uploads\/2020\/11\/nizna-mysla2-768x576.jpg 768w\" sizes=\"auto, (max-width: 800px) 100vw, 800px\" \/><\/a><figcaption id=\"caption-attachment-35846\" class=\"wp-caption-text\">Obec Ni\u017en\u00e1 My\u0161\u013ea<\/figcaption><\/figure>\n<p>Na v\u00fdchod od obce Ni\u017en\u00e1 My\u0161\u013ea te\u010die<strong> rie\u010dka Ol\u0161ava<\/strong>, v ktorej v\u010faka mimoriadne \u010distej vode tu m\u00f4\u017eeme n\u00e1js\u0165 mno\u017estvo druhov vodn\u00fdch bezstavovcov, a nieko\u013eko druhov v\u00e1\u017eok.<\/p>\n<p>Z r\u00fdb sa tu vyskytuj\u00fa jalce, beli\u010dky, plotice, hr\u00fazy, liene a \u0161\u0165uky.<\/p>\n<p>Z cicavcov sa v rie\u010dke vyskytuje vydra rie\u010dna, kuna skaln\u00e1 a piskor oby\u010dajn\u00fd.<\/p>\n<p>V katastri obce je vyhl\u00e1sen\u00e9 chr\u00e1nen\u00e9 vt\u00e1\u010die \u00fazemie.<\/p>\n<p>V brehov\u00fdch porastoch <strong>rie\u010dky Ol\u0161avy<\/strong> tu \u017eije a hniezdi cel\u00fd rad chr\u00e1nen\u00fdch druhov vt\u00e1ctva, z nich za spomenutie stoja volavky, kane mo\u010diarne, bu\u010diaky ve\u013ek\u00e9, trsteniariky, celosvetovo chr\u00e1nen\u00e9 chochla\u010dky bielook\u00e9, bocian \u010dierny a mnoh\u00e9 \u010fal\u0161ie.<\/p>\n<h3><span style=\"color: #808000;\">Turistick\u00e9 ciele<\/span><\/h3>\n<p>Pri poh\u013eade od <strong>kostola sv. Mikul\u00e1\u0161a<\/strong> sa naskyt\u00e1 poh\u013ead na hory <a href=\"https:\/\/www.keturist.sk\/info\/okolite-hory\/slanske-vrchy\/\">Slansk\u00fdch vrchov<\/a>, na rovinu <a href=\"https:\/\/www.keturist.sk\/info\/kam-do-prirody\/kosicka-kotlina\/\">Ko\u0161ickej kotliny<\/a>, mesto <a href=\"https:\/\/www.keturist.sk\/info\/vseobecne-informacie\/mesto-kosice\/\">Ko\u0161ice<\/a>, na pohorie <a href=\"https:\/\/www.keturist.sk\/info\/okolite-hory\/cierna-hora\/\">\u010cierna hora<\/a> a <a href=\"https:\/\/www.keturist.sk\/info\/okolite-hory\/volovske-vrchy\/\">Volovsk\u00e9 vrchy<\/a> s majest\u00e1tnou <a href=\"https:\/\/www.keturist.sk\/info\/vrchy-skaly-a-sedla\/kojsovska-hola-1246-m-n-m\/\">Koj\u0161ovou ho\u013eou (1246 m n.m.)<\/a>.<\/p>\n<figure id=\"attachment_28844\" aria-describedby=\"caption-attachment-28844\" style=\"width: 800px\" class=\"wp-caption aligncenter\"><a href=\"https:\/\/www.keturist.sk\/info\/wp-content\/uploads\/2019\/01\/skala-pod-Bradlom-1.jpeg\"><img loading=\"lazy\" decoding=\"async\" class=\"wp-image-28844 size-medium\" src=\"https:\/\/www.keturist.sk\/info\/wp-content\/uploads\/2019\/01\/skala-pod-Bradlom-1-800x530.jpeg\" alt=\"\" width=\"800\" height=\"530\" srcset=\"https:\/\/www.keturist.sk\/info\/wp-content\/uploads\/2019\/01\/skala-pod-Bradlom-1-800x530.jpeg 800w, https:\/\/www.keturist.sk\/info\/wp-content\/uploads\/2019\/01\/skala-pod-Bradlom-1-270x180.jpeg 270w, https:\/\/www.keturist.sk\/info\/wp-content\/uploads\/2019\/01\/skala-pod-Bradlom-1-768x509.jpeg 768w, https:\/\/www.keturist.sk\/info\/wp-content\/uploads\/2019\/01\/skala-pod-Bradlom-1-400x265.jpeg 400w, https:\/\/www.keturist.sk\/info\/wp-content\/uploads\/2019\/01\/skala-pod-Bradlom-1.jpeg 868w\" sizes=\"auto, (max-width: 800px) 100vw, 800px\" \/><\/a><figcaption id=\"caption-attachment-28844\" class=\"wp-caption-text\">Skala pod Bradlom (790 m n.m.)<\/figcaption><\/figure>\n<p>Ni\u017en\u00e1 My\u0161\u013ea je dobr\u00fdm v\u00fdchodiskom do <a href=\"https:\/\/www.keturist.sk\/info\/okolite-hory\/slanske-vrchy\/\">Sl\u00e1nskych vrchov<\/a>.<\/p>\n<p>Krajin\u00e1rsky hodnotn\u00e9 a p\u00f4sobiv\u00e9 okolie obce z neho rob\u00ed dobr\u00e9 v\u00fdchodisko do jeho okolia (<a href=\"https:\/\/www.keturist.sk\/info\/ochrana-prirody\/npr-marocka-hola\/\">NPR Marock\u00e1 ho\u013ea<\/a>, <a href=\"https:\/\/www.keturist.sk\/info\/ochrana-prirody\/npr-velky-milic\/\">NPR Ve\u013ek\u00fd Mili\u010d<\/a>, <a href=\"https:\/\/www.keturist.sk\/info\/ochrana-prirody\/prirodna-pamiatka-milicska-skala\/\">Pr\u00edrodn\u00e1 pamiatka Mili\u010dsk\u00e1 skala<\/a>, <a href=\"https:\/\/www.keturist.sk\/info\/vodopady-jazierka-rieky\/jazero-mala-izra\/\">Jazero Mal\u00e1 Izra<\/a> a <a href=\"https:\/\/www.keturist.sk\/info\/ochrana-prirody\/npr-maly-milic\/\">NPR Mal\u00fd Mili\u010d<\/a>).<\/p>\n<p>Cez obec prech\u00e1dza trasa n\u00e1u\u010dn\u00e9ho chodn\u00edka Horn\u00fd Abov a cyklotrasa Horn\u00e1d.<\/p>\n<p>Obe trasy ved\u00fa k rekon\u0161truovan\u00fdm pozostatkom kostol\u00edka zo za\u010diatku 13. storo\u010dia naz\u00fdvan\u00fdm <a href=\"https:\/\/www.keturist.sk\/info\/kam-za-pamiatkami\/kam-za-pamiatkami-smer-slanske-vrchy\/koscelek\/\">Koscelek<\/a>, ktor\u00fd sa nach\u00e1dza ju\u017ene od obce za <strong>riekou Ol\u0161ava<\/strong> v archeologickej <strong>lokalite Koscelek<\/strong>.<\/p>\n<figure id=\"attachment_34672\" aria-describedby=\"caption-attachment-34672\" style=\"width: 800px\" class=\"wp-caption aligncenter\"><a href=\"https:\/\/www.keturist.sk\/info\/wp-content\/uploads\/2020\/11\/koscelek2.jpg\"><img loading=\"lazy\" decoding=\"async\" class=\"wp-image-34672 size-medium\" title=\"Koscelek\" src=\"https:\/\/www.keturist.sk\/info\/wp-content\/uploads\/2020\/11\/koscelek2-800x534.jpg\" alt=\"Koscelek\" width=\"800\" height=\"534\" srcset=\"https:\/\/www.keturist.sk\/info\/wp-content\/uploads\/2020\/11\/koscelek2-800x534.jpg 800w, https:\/\/www.keturist.sk\/info\/wp-content\/uploads\/2020\/11\/koscelek2-270x180.jpg 270w, https:\/\/www.keturist.sk\/info\/wp-content\/uploads\/2020\/11\/koscelek2-768x512.jpg 768w, https:\/\/www.keturist.sk\/info\/wp-content\/uploads\/2020\/11\/koscelek2.jpg 1000w\" sizes=\"auto, (max-width: 800px) 100vw, 800px\" \/><\/a><figcaption id=\"caption-attachment-34672\" class=\"wp-caption-text\">Koscelek, fotograf: Marcin\u010din Jozef<\/figcaption><\/figure>\n<p>Zachovali sa tu takmer 1 meter vysok\u00e9 m\u00fary, zvy\u0161ky olt\u00e1rnej menzy, kamenn\u00e1 olt\u00e1rna menza.<\/p>\n<p>V bl\u00edzkosti kostol\u00edka sa nach\u00e1dza term\u00e1lny prame\u0148 vyu\u017e\u00edvan\u00fd v minulosti na k\u00fape\u013en\u00e9 \u00fa\u010dely.<\/p>\n<p>Dnes je tam mal\u00e9 jazero s lavi\u010dkami a ohniskom.<\/p>\n<p>Na v\u00fdchodnej strane obce a nad <strong>riekou Ol\u0161ava<\/strong> sa nach\u00e1dza oblas\u0165 Skalka, ktor\u00e1 pon\u00faka kr\u00e1sne v\u00fdh\u013eady do okolia.<\/p>\n<p>Taktie\u017e je obec dobr\u00fdm v\u00fdchodiskom na vrch <a href=\"https:\/\/www.keturist.sk\/info\/vrch-bradlo-840-m-n-m-a-skala-pod-bradlom-790-m-n-m\/\">Bradlo (840 m n.m.)<\/a> a <a href=\"https:\/\/www.keturist.sk\/info\/vrch-bradlo-840-m-n-m-a-skala-pod-bradlom-790-m-n-m\/\">Skalu pod Bradlom (790 m n.m.)<\/a>.<\/p>\n<p>Skaln\u00fd komplex pon\u00faka v\u00fdh\u013eady severoz\u00e1padn\u00fdm smerom na mesto\u00a0<a href=\"https:\/\/www.keturist.sk\/info\/vseobecne-informacie\/mesto-kosice\/\">Ko\u0161ice<\/a>, obec\u00a0<a href=\"https:\/\/www.keturist.sk\/info\/turisticke-vychodiska\/smer-slanske-vrchy\/obec-vysna-mysla\/\">Vy\u0161n\u00fa My\u0161\u013eu<\/a>,\u00a0<a href=\"https:\/\/www.keturist.sk\/info\/kam-do-prirody\/kosicka-kotlina\/\">Ko\u0161ick\u00fa kotlinu<\/a>,\u00a0<a href=\"https:\/\/www.keturist.sk\/info\/okolite-hory\/volovske-vrchy\/\">Volovsk\u00e9 vrchy<\/a>,\u00a0<a href=\"https:\/\/www.keturist.sk\/info\/okolite-hory\/cierna-hora\/\">\u010ciernu horu<\/a>, severov\u00fdchodn\u00fdm smerom na stredn\u00fd\u00a0<strong>Zempl\u00edn<\/strong>\u00a0a\u00a0<a href=\"https:\/\/www.keturist.sk\/info\/slansky-hrad\/\">hrad Slanec<\/a>.<\/p>\n<p>Za priazniv\u00e9ho po\u010dasia odtia\u013e m\u00f4\u017eete vidie\u0165 mesto\u00a0<strong>Pre\u0161ov<\/strong>\u00a0a aj\u00a0<strong>Vysok\u00e9 Tatry<\/strong>.<\/p>\n<p><strong>Turistick\u00e9 trasy<\/strong><\/p>\n<p>Obcou prech\u00e1dza\u00a0<img loading=\"lazy\" decoding=\"async\" class=\"alignnone wp-image-21433 size-full\" src=\"https:\/\/www.keturist.sk\/info\/wp-content\/uploads\/2013\/11\/cervena-1.png\" alt=\"\" width=\"20\" height=\"21\" \/> \u010derven\u00e1 turistick\u00e1 trasa, ktor\u00e1 severoz\u00e1padn\u00fdm smerom pokra\u010duje do <a href=\"https:\/\/www.keturist.sk\/info\/turisticke-vychodiska\/strediska-a-centra\/mc-krasna\/\">M\u010c Kr\u00e1sna<\/a> a juhov\u00fdchodn\u00fd smerom pokra\u010duje na vrch <strong>Ve\u013ek\u00e1 Marovka (660 m n.m.)<\/strong>.<\/p>\n<p><strong>Cykloturistick\u00e9 trasy<\/strong><\/p>\n<p>Obcou prech\u00e1dzaj\u00fa r\u00f4zne cykloturistick\u00e9 trasy.<\/p>\n<h3><span style=\"color: #808000;\">Hist\u00f3ra<\/span><\/h3>\n<p>Prv\u00e1 p\u00edsomn\u00e1 zmienka o obci Ni\u017en\u00e1 My\u0161\u013ea sa nach\u00e1dza v texte listiny z 9. j\u00fana 1270.<\/p>\n<p>Av\u0161ak lokalita obce ako tak\u00e1 bola os\u00eddlen\u00e1 ove\u013ea sk\u00f4r. <\/p>\n<p>Po\u010diato\u010dn\u00e9 dejiny obce s\u00fa \u00fazko sp\u00e4t\u00e9 aj s existenciou my\u0161lianskeho premon\u0161tr\u00e1tskeho kl\u00e1\u0161tora a prepo\u0161tstva.<br \/>\nIde o druh\u00fa polovicu 13. storo\u010dia. <\/p>\n<p>V roku 1325 sa Ni\u017en\u00e1 My\u0161\u013ea spom\u00edna v p\u00edsomnej zmienke, ke\u010f J\u00e1gersk\u00e1 kapitula konfirmovala listinu o v\u00fdmene majetkov medzi my\u0161lianskym prepo\u0161tom Petrom a j\u00e1gersk\u00fdm biskupom \u010canad\u00ednom.<\/p>\n<h3><span style=\"color: #808000;\">Pamiatky:<\/span><\/h3>\n<div>\n<ul>\n<li><a href=\"https:\/\/www.keturist.sk\/info\/kam-za-pamiatkami\/kam-za-pamiatkami-kosicka-kotlina\/archeologicke-nalezisko-v-niznej-mysli\/\">Archeologick\u00e9 n\u00e1lezisko V\u00e1rhegy (\u010d\u00edtaj viac&#8230;)<\/a><\/li>\n<li>Kostol sv. Mikul\u00e1\u0161a<\/li>\n<li>Kaplnky<\/li>\n<li><a href=\"https:\/\/www.keturist.sk\/info\/muzea-kultura\/myslanske-obecne-muzeum\/\">Kl\u00e1\u0161tor (ka\u0161tie\u013e) &#8211; Obecn\u00e9 m\u00fazeum (\u010d\u00edtaj viac &#8230;)<\/a><\/li>\n<li>Koscelek &#8211; kl\u00e1\u0161tor<\/li>\n<\/ul>\n<\/div>\n<p><strong>Archeologick\u00e9 lokality: <\/strong><\/p>\n<ul>\n<li>Alamenev<\/li>\n<li><a href=\"https:\/\/www.keturist.sk\/info\/kam-za-pamiatkami\/kam-za-pamiatkami-smer-slanske-vrchy\/koscelek\/\">Koscelek (\u010d\u00edtaj viac&#8230;)<\/a><\/li>\n<li>Mo\u013eva<\/li>\n<li>Prepo\u0161tstvo<\/li>\n<li>Skalka<\/li>\n<li><a href=\"https:\/\/www.keturist.sk\/info\/kam-za-pamiatkami\/kam-za-pamiatkami-kosicka-kotlina\/archeologicke-nalezisko-v-niznej-mysli\/\">V\u00e1rhe\u010f (\u010d\u00edtaj viac&#8230;)<\/a><\/li>\n<\/ul>\n<h3><span style=\"color: #808000;\">Mapy<\/span><\/h3>\n<p><strong>Vrstvy: <\/strong>Turistick\u00e1 mapa, Automapa, Cyklomapa, Ly\u017eiarska mapa, Satelitn\u00e1 mapa a OpenStreetMap.<\/p>\n<p><strong>Kliknut\u00edm na logo &#8222;Freemap.sk&#8220; sa V\u00e1m mapa zobraz\u00ed na celej ploche obrazovky.<\/strong><\/p>\n<p><iframe style=\"width: 800px; height: 500px; border: 0;\" src=\"https:\/\/www.freemap.sk\/?map=13\/48.624116\/21.364374&amp;info-point=48.624116\/21.364374,Obec Ni\u017en\u00e1 My\u0161\u013ea&amp;layers=T&amp;embed=search\" allowfullscreen=\"allowfullscreen\"><\/iframe><\/p>\n<h3><span style=\"color: #808000;\">Po\u010dasie<\/span><\/h3>\n<p><iframe style=\"width: 800px; height: 608px;\" src=\"https:\/\/www.meteoblue.com\/sk\/po%C4%8Dasie\/widget\/three\/ni%c5%ben%c3%a1-my%c5%a1%c4%bea_slovensk%c3%a1-republika_724065?geoloc=fixed&amp;nocurrent=0&amp;noforecast=0&amp;days=5&amp;tempunit=CELSIUS&amp;windunit=KILOMETER_PER_HOUR&amp;layout=image\" frameborder=\"0\" scrolling=\"NO\" sandbox=\"allow-same-origin allow-scripts allow-popups allow-popups-to-escape-sandbox\"><\/iframe><\/p>\n<div><!-- DO NOT REMOVE THIS LINK --><a href=\"https:\/\/www.meteoblue.com\/sk\/po%C4%8Dasie\/predpove%C4%8F\/t%C3%BD%C5%BEde%C5%88\/ni%c5%ben%c3%a1-my%c5%a1%c4%bea_slovensk%c3%a1-republika_724065?utm_source=weather_widget&amp;utm_medium=linkus&amp;utm_content=three&amp;utm_campaign=Weather%2BWidget\" target=\"_blank\" rel=\"noopener noreferrer\">meteoblue<\/a><\/div>\n","protected":false},"excerpt":{"rendered":"<p>V\u0161eobecn\u00e9 inform\u00e1cie Ni\u017en\u00e1 My\u0161\u013ea\u00a0(ma\u010f. Als\u00f3mislye) sa nach\u00e1dza na rozhran\u00ed Ko\u0161ickej kotliny a \u00fap\u00e4tia Slansk\u00fdch vrchov, na s\u00fatoku riek Horn\u00e1d, Ol\u0161ava a Torysa. Od Ko\u0161\u00edc je obec vzdialen\u00e1 pribli\u017ene 12 km. [&hellip;]<\/p>\n","protected":false},"author":1,"featured_media":0,"parent":11623,"menu_order":0,"comment_status":"closed","ping_status":"closed","template":"","meta":{"_uag_custom_page_level_css":"","_monsterinsights_skip_tracking":false,"_monsterinsights_sitenote_active":false,"_monsterinsights_sitenote_note":"","_monsterinsights_sitenote_category":0,"footnotes":""},"class_list":["post-14956","page","type-page","status-publish","hentry"],"featured_image_src":"","featured_image_src_square":false,"rbea_author_info":{"display_name":"admin","author_link":"https:\/\/www.keturist.sk\/info\/author\/admin\/"},"rbea_excerpt_info":"V\u0161eobecn\u00e9 inform\u00e1cie Ni\u017en\u00e1 My\u0161\u013ea\u00a0(ma\u010f. Als\u00f3mislye) sa nach\u00e1dza na rozhran\u00ed Ko\u0161ickej kotliny a \u00fap\u00e4tia Slansk\u00fdch vrchov, na s\u00fatoku riek Horn\u00e1d, Ol\u0161ava a Torysa. Od Ko\u0161\u00edc je obec vzdialen\u00e1 pribli\u017ene 12 km. [&hellip;]","uagb_featured_image_src":{"full":false,"thumbnail":false,"medium":false,"medium_large":false,"large":false,"1536x1536":false,"2048x2048":false},"uagb_author_info":{"display_name":"admin","author_link":"https:\/\/www.keturist.sk\/info\/author\/admin\/"},"uagb_comment_info":0,"uagb_excerpt":"V\u0161eobecn\u00e9 inform\u00e1cie Ni\u017en\u00e1 My\u0161\u013ea\u00a0(ma\u010f. Als\u00f3mislye) sa nach\u00e1dza na rozhran\u00ed Ko\u0161ickej kotliny a \u00fap\u00e4tia Slansk\u00fdch vrchov, na s\u00fatoku riek Horn\u00e1d, Ol\u0161ava a Torysa. Od Ko\u0161\u00edc je obec vzdialen\u00e1 pribli\u017ene 12 km. [&hellip;]","_links":{"self":[{"href":"https:\/\/www.keturist.sk\/info\/wp-json\/wp\/v2\/pages\/14956","targetHints":{"allow":["GET"]}}],"collection":[{"href":"https:\/\/www.keturist.sk\/info\/wp-json\/wp\/v2\/pages"}],"about":[{"href":"https:\/\/www.keturist.sk\/info\/wp-json\/wp\/v2\/types\/page"}],"author":[{"embeddable":true,"href":"https:\/\/www.keturist.sk\/info\/wp-json\/wp\/v2\/users\/1"}],"replies":[{"embeddable":true,"href":"https:\/\/www.keturist.sk\/info\/wp-json\/wp\/v2\/comments?post=14956"}],"version-history":[{"count":12,"href":"https:\/\/www.keturist.sk\/info\/wp-json\/wp\/v2\/pages\/14956\/revisions"}],"predecessor-version":[{"id":43957,"href":"https:\/\/www.keturist.sk\/info\/wp-json\/wp\/v2\/pages\/14956\/revisions\/43957"}],"up":[{"embeddable":true,"href":"https:\/\/www.keturist.sk\/info\/wp-json\/wp\/v2\/pages\/11623"}],"wp:attachment":[{"href":"https:\/\/www.keturist.sk\/info\/wp-json\/wp\/v2\/media?parent=14956"}],"curies":[{"name":"wp","href":"https:\/\/api.w.org\/{rel}","templated":true}]}}