{"id":12742,"date":"2015-09-25T09:37:03","date_gmt":"2015-09-25T07:37:03","guid":{"rendered":"https:\/\/www.keturist.sk\/info\/?page_id=12742"},"modified":"2023-05-11T02:38:21","modified_gmt":"2023-05-11T00:38:21","slug":"archeologicke-nalezisko-v-niznej-mysli","status":"publish","type":"page","link":"https:\/\/www.keturist.sk\/info\/kam-za-pamiatkami\/kam-za-pamiatkami-kosicka-kotlina\/archeologicke-nalezisko-v-niznej-mysli\/","title":{"rendered":"Archeologick\u00e9 n\u00e1lezisko a skanzen V\u00e1rhegy v Ni\u017enej My\u0161li"},"content":{"rendered":"<a href=\"https:\/\/www.keturist.sk\/info\/\" class=\"su-button su-button-style-default\" style=\"color:#000000;background-color:#FFCF2F;border-color:#cca626;border-radius:5px\" target=\"_self\"><span style=\"color:#000000;padding:6px 16px;font-size:13px;line-height:20px;border-color:#ffde6e;border-radius:5px;text-shadow:none\"><i class=\"sui sui-arrow-right\" style=\"font-size:13px;color:#000000\"><\/i>  Spravodaj <\/span><\/a>\n<a href=\"https:\/\/www.keturist.sk\/info\/sport-a-kultura\/\" class=\"su-button su-button-style-default\" style=\"color:#000000;background-color:#FFCF2F;border-color:#cca626;border-radius:5px\" target=\"_self\"><span style=\"color:#000000;padding:6px 16px;font-size:13px;line-height:20px;border-color:#ffde6e;border-radius:5px;text-shadow:none\"><i class=\"sui sui-arrow-right\" style=\"font-size:13px;color:#000000\"><\/i>  Aktivity, kult\u00fara, hist\u00f3ria&#8230; <\/span><\/a>\n<a href=\"https:\/\/www.keturist.sk\/info\/sport-a-kultura\/muzea-kultura\/\" class=\"su-button su-button-style-default\" style=\"color:#000000;background-color:#FFCF2F;border-color:#cca626;border-radius:5px\" target=\"_self\"><span style=\"color:#000000;padding:6px 16px;font-size:13px;line-height:20px;border-color:#ffde6e;border-radius:5px;text-shadow:none\"><i class=\"sui sui-arrow-right\" style=\"font-size:13px;color:#000000\"><\/i>  M\u00faze\u00e1, kult\u00fara&#8230; <\/span><\/a>\n<div class=\"su-divider su-divider-style-default\" style=\"margin:15px 0;border-width:0px;border-color:#000000\"><\/div>\n<p><strong>Podkateg\u00f3ria: <\/strong> <a href=\"https:\/\/www.keturist.sk\/info\/sport-a-kultura\/muzea-kultura\/muzea\/\" class=\"su-button su-button-style-default\" style=\"color:#000000;background-color:#afd144;border-color:#8ca837;border-radius:5px\" target=\"_self\"><span style=\"color:#000000;padding:6px 16px;font-size:13px;line-height:20px;border-color:#c7df7d;border-radius:5px;text-shadow:none\"><i class=\"sui sui-arrow-right\" style=\"font-size:13px;color:#000000\"><\/i>  M\u00faze\u00e1 a  skanzeny<\/span><\/a>\n<p><strong>Lokaliz\u00e1cia: <\/strong><a href=\"https:\/\/www.keturist.sk\/info\/kam-do-prirody\/kosicka-kotlina\/\">Ko\u0161ick\u00e1 kotlina<\/a><\/p>\n<div class=\"su-divider su-divider-style-default\" style=\"margin:15px 0;border-width:2px;border-color:#000000\"><\/div>\n<h3><span style=\"color: #808000;\">V\u0161eobecn\u00e9 inform\u00e1cie<\/span><\/h3>\n<p>Obec\u00a0<a href=\"https:\/\/www.keturist.sk\/info\/turisticke-vychodiska\/smer-kosicka-kotlina\/obec-nizna-mysla\/\">Ni\u017en\u00e1 My\u0161la<\/a> predstavuje jedno z najbohat\u0161\u00edch archeologick\u00fdch n\u00e1lez\u00edsk na Slovensku zaznamen\u00e1vaj\u00face pravek\u00e9 os\u00eddlenie.<\/p>\n<figure id=\"attachment_37266\" aria-describedby=\"caption-attachment-37266\" style=\"width: 800px\" class=\"wp-caption aligncenter\"><a href=\"https:\/\/www.keturist.sk\/info\/wp-content\/uploads\/2020\/12\/varhegy1.jpg\"><img loading=\"lazy\" decoding=\"async\" class=\"wp-image-37266 size-full\" src=\"https:\/\/www.keturist.sk\/info\/wp-content\/uploads\/2020\/12\/varhegy1.jpg\" alt=\"\" width=\"800\" height=\"600\" srcset=\"https:\/\/www.keturist.sk\/info\/wp-content\/uploads\/2020\/12\/varhegy1.jpg 800w, https:\/\/www.keturist.sk\/info\/wp-content\/uploads\/2020\/12\/varhegy1-240x180.jpg 240w, https:\/\/www.keturist.sk\/info\/wp-content\/uploads\/2020\/12\/varhegy1-768x576.jpg 768w\" sizes=\"auto, (max-width: 800px) 100vw, 800px\" \/><\/a><figcaption id=\"caption-attachment-37266\" class=\"wp-caption-text\">Replika zrubu v Osade I<\/figcaption><\/figure>\n<p>Podarilo sa tu n\u00e1js\u0165 nieko\u013eko os\u00e1d z r\u00f4znych \u010dasov\u00fdch \u00fasekov od praveku a\u017e v\u010dasn\u00e9ho stredoveku.<\/p>\n<p>Ni\u017en\u00e1 My\u0161\u013ea bola ozna\u010den\u00e1 za archeologick\u00fa lokalitu u\u017e v roku 1892.<\/p>\n<figure id=\"attachment_37267\" aria-describedby=\"caption-attachment-37267\" style=\"width: 800px\" class=\"wp-caption aligncenter\"><a href=\"https:\/\/www.keturist.sk\/info\/wp-content\/uploads\/2020\/12\/varhegy2.jpg\"><img loading=\"lazy\" decoding=\"async\" class=\"wp-image-37267 size-full\" src=\"https:\/\/www.keturist.sk\/info\/wp-content\/uploads\/2020\/12\/varhegy2.jpg\" alt=\"\" width=\"800\" height=\"600\" srcset=\"https:\/\/www.keturist.sk\/info\/wp-content\/uploads\/2020\/12\/varhegy2.jpg 800w, https:\/\/www.keturist.sk\/info\/wp-content\/uploads\/2020\/12\/varhegy2-240x180.jpg 240w, https:\/\/www.keturist.sk\/info\/wp-content\/uploads\/2020\/12\/varhegy2-768x576.jpg 768w\" sizes=\"auto, (max-width: 800px) 100vw, 800px\" \/><\/a><figcaption id=\"caption-attachment-37267\" class=\"wp-caption-text\">Osada I<\/figcaption><\/figure>\n<p>Ako prv\u00e1 tu bola spomenut\u00e1 lokalita\u00a0<strong>Skalka, <\/strong>n\u00e1sledne <strong>Alamenev<\/strong>, <strong>Koscelek<\/strong>, <strong>Mo\u013eva<\/strong>, <strong>Prepo\u0161tstvo<\/strong> a <strong>V\u00e1rhe\u010f (Varh\u00e9gy)<\/strong>.<\/p>\n<p>Archeologick\u00e9 n\u00e1lezisko <strong>V\u00e1rhegy<\/strong> sa nach\u00e1dza v <a href=\"https:\/\/www.keturist.sk\/info\/kam-do-prirody\/kosicka-kotlina\/\">Ko\u0161ickej kotline<\/a> asi 10 kilometrov od mesta <a href=\"https:\/\/www.keturist.sk\/info\/turisticke-vychodiska\/strediska-a-centra\/\">Ko\u0161ice<\/a> juhov\u00fdchodn\u00fdm smerom.<\/p>\n<figure id=\"attachment_34610\" aria-describedby=\"caption-attachment-34610\" style=\"width: 800px\" class=\"wp-caption aligncenter\"><a href=\"https:\/\/www.keturist.sk\/info\/wp-content\/uploads\/2020\/11\/archeoskanzen6.jpg\"><img loading=\"lazy\" decoding=\"async\" class=\"wp-image-34610 size-medium\" src=\"https:\/\/www.keturist.sk\/info\/wp-content\/uploads\/2020\/11\/archeoskanzen6-800x534.jpg\" alt=\"\" width=\"800\" height=\"534\" srcset=\"https:\/\/www.keturist.sk\/info\/wp-content\/uploads\/2020\/11\/archeoskanzen6-800x534.jpg 800w, https:\/\/www.keturist.sk\/info\/wp-content\/uploads\/2020\/11\/archeoskanzen6-270x180.jpg 270w, https:\/\/www.keturist.sk\/info\/wp-content\/uploads\/2020\/11\/archeoskanzen6-768x512.jpg 768w, https:\/\/www.keturist.sk\/info\/wp-content\/uploads\/2020\/11\/archeoskanzen6.jpg 1000w\" sizes=\"auto, (max-width: 800px) 100vw, 800px\" \/><\/a><figcaption id=\"caption-attachment-34610\" class=\"wp-caption-text\">Archeologick\u00e9 n\u00e1lezisko a skanzen V\u00e1rhegy v Ni\u017enej My\u0161li, fotograf: Marcin\u010din Jozef<\/figcaption><\/figure>\n<p>Ide o strategicky ve\u013emi v\u00fdhodn\u00e9 miesto s nadmorskou v\u00fd\u0161kou 217 m.<\/p>\n<p>Nach\u00e1dzaj\u00fa sa tu <strong>repliky zrubov<\/strong> obydlia zo star\u0161ej a strednej doby bronzovej.<\/p>\n<figure id=\"attachment_37268\" aria-describedby=\"caption-attachment-37268\" style=\"width: 800px\" class=\"wp-caption aligncenter\"><a href=\"https:\/\/www.keturist.sk\/info\/wp-content\/uploads\/2020\/12\/varhegy3.jpg\"><img loading=\"lazy\" decoding=\"async\" class=\"wp-image-37268 size-full\" src=\"https:\/\/www.keturist.sk\/info\/wp-content\/uploads\/2020\/12\/varhegy3.jpg\" alt=\"\" width=\"800\" height=\"600\" srcset=\"https:\/\/www.keturist.sk\/info\/wp-content\/uploads\/2020\/12\/varhegy3.jpg 800w, https:\/\/www.keturist.sk\/info\/wp-content\/uploads\/2020\/12\/varhegy3-240x180.jpg 240w, https:\/\/www.keturist.sk\/info\/wp-content\/uploads\/2020\/12\/varhegy3-768x576.jpg 768w\" sizes=\"auto, (max-width: 800px) 100vw, 800px\" \/><\/a><figcaption id=\"caption-attachment-37268\" class=\"wp-caption-text\">Varh\u00e9gy<\/figcaption><\/figure>\n<p>Od roku 1977 sa tu uskuto\u010d\u0148uje\u00a0systematick\u00fd archeologick\u00fd v\u00fdskum, ktor\u00fd urobil t\u00fato lokalitu jednou z najzn\u00e1mej\u0161\u00edch nielen v Eur\u00f3pe.<\/p>\n<p>Na\u0161li tu pribli\u017ene asi 2 300 n\u00e1dob a pribli\u017ene asi 5 000 bronzov\u00fdch, kosten\u00fdch a kamenn\u00fdch predmetov rozli\u010dn\u00e9ho v\u00fdznamu.<\/p>\n<figure id=\"attachment_34611\" aria-describedby=\"caption-attachment-34611\" style=\"width: 800px\" class=\"wp-caption aligncenter\"><a href=\"https:\/\/www.keturist.sk\/info\/wp-content\/uploads\/2020\/11\/archeoskanzen5.jpg\"><img loading=\"lazy\" decoding=\"async\" class=\"wp-image-34611 size-medium\" src=\"https:\/\/www.keturist.sk\/info\/wp-content\/uploads\/2020\/11\/archeoskanzen5-800x534.jpg\" alt=\"\" width=\"800\" height=\"534\" srcset=\"https:\/\/www.keturist.sk\/info\/wp-content\/uploads\/2020\/11\/archeoskanzen5-800x534.jpg 800w, https:\/\/www.keturist.sk\/info\/wp-content\/uploads\/2020\/11\/archeoskanzen5-270x180.jpg 270w, https:\/\/www.keturist.sk\/info\/wp-content\/uploads\/2020\/11\/archeoskanzen5-768x512.jpg 768w, https:\/\/www.keturist.sk\/info\/wp-content\/uploads\/2020\/11\/archeoskanzen5.jpg 1000w\" sizes=\"auto, (max-width: 800px) 100vw, 800px\" \/><\/a><figcaption id=\"caption-attachment-34611\" class=\"wp-caption-text\">Archeologick\u00e9 n\u00e1lezisko a skanzen V\u00e1rhegy v Ni\u017enej My\u0161li, fotograf: Marcin\u010din Jozef<\/figcaption><\/figure>\n<p>Mnoh\u00e9 n\u00e1lezy maj\u00fa celosvetov\u00fd v\u00fdznam.<\/p>\n<p>N\u00e1jden\u00e9 artefakty dokumentuj\u00fa vysok\u00fa \u017eivotn\u00fa \u00farove\u0148, technologick\u00fa zru\u010dnos\u0165.<\/p>\n<figure id=\"attachment_34612\" aria-describedby=\"caption-attachment-34612\" style=\"width: 800px\" class=\"wp-caption aligncenter\"><a href=\"https:\/\/www.keturist.sk\/info\/wp-content\/uploads\/2020\/11\/archeoskanzen4.jpg\"><img loading=\"lazy\" decoding=\"async\" class=\"wp-image-34612 size-medium\" src=\"https:\/\/www.keturist.sk\/info\/wp-content\/uploads\/2020\/11\/archeoskanzen4-800x534.jpg\" alt=\"\" width=\"800\" height=\"534\" srcset=\"https:\/\/www.keturist.sk\/info\/wp-content\/uploads\/2020\/11\/archeoskanzen4-800x534.jpg 800w, https:\/\/www.keturist.sk\/info\/wp-content\/uploads\/2020\/11\/archeoskanzen4-270x180.jpg 270w, https:\/\/www.keturist.sk\/info\/wp-content\/uploads\/2020\/11\/archeoskanzen4-768x512.jpg 768w, https:\/\/www.keturist.sk\/info\/wp-content\/uploads\/2020\/11\/archeoskanzen4.jpg 1000w\" sizes=\"auto, (max-width: 800px) 100vw, 800px\" \/><\/a><figcaption id=\"caption-attachment-34612\" class=\"wp-caption-text\">Archeologick\u00e9 n\u00e1lezisko a skanzen V\u00e1rhegy v Ni\u017enej My\u0161li, fotograf: Marcin\u010din Jozef<\/figcaption><\/figure>\n<p>Obyvatelia os\u00e1d boli nielen zdatn\u00ed metalurgovia, ale aj obchodn\u00edci.<\/p>\n<p>Osady zanikli pribli\u017ene po 50 \u010di 70 rokov svojho trvania,\u00a0 niekedy okolo roku 1400 pred n.l.<\/p>\n<p>Pr\u00edbytky boli vyrabovan\u00e9 a vyp\u00e1len\u00e9, obyvatelia osady opustili.<\/p>\n<p>Prv\u00fd archeologick\u00fd v\u00fdsku sa tu za\u010dal u\u017e v roku 1948.<\/p>\n<p>V snahe uk\u00e1za\u0165 archeologick\u00e9 predmety \u010do najbli\u017e\u0161ie od miesta n\u00e1lezu zriadili v obci <a href=\"https:\/\/www.keturist.sk\/info\/turisticke-vychodiska\/smer-kosicka-kotlina\/obec-nizna-mysla\/\">Ni\u017en\u00e1 My\u0161la<\/a> &#8211; <a href=\"https:\/\/www.keturist.sk\/info\/muzea-kultura\/myslanske-obecne-muzeum\/\">My\u0161\u013eansk\u00e9 obecn\u00e9 m\u00fazeum<\/a>.<\/p>\n<p>M\u00fazeum sa nach\u00e1dza v <a href=\"https:\/\/www.keturist.sk\/info\/kam-za-pamiatkami\/kam-za-pamiatkami-kosicka-kotlina\/kastiel-klastor-v-niznej-mysli\/\">budove (kl\u00e1\u0161tor v 17. storo\u010d\u00ed bol aj ka\u0161tie\u013eom)<\/a> z 13. storo\u010dia.<\/p>\n<h3><span style=\"color: #808000;\">Lokalita sa sklad\u00e1 z troch \u010dasti:<\/span><\/h3>\n<p><strong>Opevnen\u00e1 osada I.<\/strong><\/p>\n<p>Ide o najstar\u0161iu osadu otomansko-fuzesabonskej kult\u00fary (cca 1700-1400 pred Kr.), ktor\u00e1 vznikla na ju\u017enom okraji vyv\u00fd\u0161eniny.<\/p>\n<figure id=\"attachment_34613\" aria-describedby=\"caption-attachment-34613\" style=\"width: 800px\" class=\"wp-caption aligncenter\"><a href=\"https:\/\/www.keturist.sk\/info\/wp-content\/uploads\/2020\/11\/archeoskanzen3.jpg\"><img loading=\"lazy\" decoding=\"async\" class=\"wp-image-34613 size-medium\" src=\"https:\/\/www.keturist.sk\/info\/wp-content\/uploads\/2020\/11\/archeoskanzen3-800x534.jpg\" alt=\"\" width=\"800\" height=\"534\" srcset=\"https:\/\/www.keturist.sk\/info\/wp-content\/uploads\/2020\/11\/archeoskanzen3-800x534.jpg 800w, https:\/\/www.keturist.sk\/info\/wp-content\/uploads\/2020\/11\/archeoskanzen3-270x180.jpg 270w, https:\/\/www.keturist.sk\/info\/wp-content\/uploads\/2020\/11\/archeoskanzen3-768x512.jpg 768w, https:\/\/www.keturist.sk\/info\/wp-content\/uploads\/2020\/11\/archeoskanzen3.jpg 1000w\" sizes=\"auto, (max-width: 800px) 100vw, 800px\" \/><\/a><figcaption id=\"caption-attachment-34613\" class=\"wp-caption-text\">Archeologick\u00e9 n\u00e1lezisko a skanzen V\u00e1rhegy v Ni\u017enej My\u0161li, fotograf: Marcin\u010din Jozef<\/figcaption><\/figure>\n<p>I\u0161lo o osadu s rozmermi 50 x 60 metrov.<\/p>\n<p>Bola opevnen\u00e1 hlinen\u00fdm valom a priekopou hlbokou 6 metrov.<\/p>\n<figure id=\"attachment_42430\" aria-describedby=\"caption-attachment-42430\" style=\"width: 800px\" class=\"wp-caption aligncenter\"><a href=\"https:\/\/www.keturist.sk\/info\/wp-content\/uploads\/2021\/10\/archeoskanzen11.jpg\"><img loading=\"lazy\" decoding=\"async\" class=\"wp-image-42430 size-medium\" src=\"https:\/\/www.keturist.sk\/info\/wp-content\/uploads\/2021\/10\/archeoskanzen11-800x534.jpg\" alt=\"\" width=\"800\" height=\"534\" srcset=\"https:\/\/www.keturist.sk\/info\/wp-content\/uploads\/2021\/10\/archeoskanzen11-800x534.jpg 800w, https:\/\/www.keturist.sk\/info\/wp-content\/uploads\/2021\/10\/archeoskanzen11-270x180.jpg 270w, https:\/\/www.keturist.sk\/info\/wp-content\/uploads\/2021\/10\/archeoskanzen11-768x512.jpg 768w, https:\/\/www.keturist.sk\/info\/wp-content\/uploads\/2021\/10\/archeoskanzen11.jpg 1000w\" sizes=\"auto, (max-width: 800px) 100vw, 800px\" \/><\/a><figcaption id=\"caption-attachment-42430\" class=\"wp-caption-text\">Archeologick\u00e9 n\u00e1lezisko a skanzen V\u00e1rhegy v Ni\u017enej My\u0161li, Jozef Mare\u010dek (https:\/\/www.facebook.com\/jozef.marecek.94)<\/figcaption><\/figure>\n<p>Vstup do osady bol dreveno-kamennej kon\u0161trukcie.<\/p>\n<p>Pr\u00edbytky mali hlinou vymazan\u00fa dl\u00e1\u017eku a steny boli z dreva.<\/p>\n<figure id=\"attachment_42431\" aria-describedby=\"caption-attachment-42431\" style=\"width: 800px\" class=\"wp-caption aligncenter\"><a href=\"https:\/\/www.keturist.sk\/info\/wp-content\/uploads\/2021\/10\/archeoskanzen12.jpg\"><img loading=\"lazy\" decoding=\"async\" class=\"wp-image-42431 size-medium\" src=\"https:\/\/www.keturist.sk\/info\/wp-content\/uploads\/2021\/10\/archeoskanzen12-800x534.jpg\" alt=\"\" width=\"800\" height=\"534\" srcset=\"https:\/\/www.keturist.sk\/info\/wp-content\/uploads\/2021\/10\/archeoskanzen12-800x534.jpg 800w, https:\/\/www.keturist.sk\/info\/wp-content\/uploads\/2021\/10\/archeoskanzen12-270x180.jpg 270w, https:\/\/www.keturist.sk\/info\/wp-content\/uploads\/2021\/10\/archeoskanzen12-768x512.jpg 768w, https:\/\/www.keturist.sk\/info\/wp-content\/uploads\/2021\/10\/archeoskanzen12.jpg 1000w\" sizes=\"auto, (max-width: 800px) 100vw, 800px\" \/><\/a><figcaption id=\"caption-attachment-42431\" class=\"wp-caption-text\">Archeologick\u00e9 n\u00e1lezisko a skanzen V\u00e1rhegy v Ni\u017enej My\u0161li, Jozef Mare\u010dek (https:\/\/www.facebook.com\/jozef.marecek.94)<\/figcaption><\/figure>\n<p>V domoch zhotoven\u00fdch zrubovou kon\u0161trukciou boli vyv\u00fd\u0161en\u00e9 ohnisk\u00e1.<\/p>\n<p>Osada mala po\u013enohospod\u00e1rsko-remeseln\u00edcky charakter.<\/p>\n<p>K pozoruhodn\u00fdm keramick\u00fdm n\u00e1lezom patria hlinen\u00e9 plastiky zvierat, mal\u00e9 so\u0161ky \u017eien a depot d\u017eb\u00e1nkov.<\/p>\n<p>Na\u0161li sa tu aj n\u00e1lezy\u00a0 predmetov z paro\u017eia, bronzu a kame\u0148a.<\/p>\n<p><strong>Opevnen\u00e1 osada II. <\/strong><\/p>\n<p>Rozvoju obyvate\u013estva prv\u00e1 osada nesta\u010dila a preto bola postaven\u00e1 nov\u00e1 osada.<\/p>\n<figure id=\"attachment_34614\" aria-describedby=\"caption-attachment-34614\" style=\"width: 800px\" class=\"wp-caption aligncenter\"><a href=\"https:\/\/www.keturist.sk\/info\/wp-content\/uploads\/2020\/11\/archeoskanzen2.jpg\"><img loading=\"lazy\" decoding=\"async\" class=\"wp-image-34614 size-medium\" src=\"https:\/\/www.keturist.sk\/info\/wp-content\/uploads\/2020\/11\/archeoskanzen2-800x534.jpg\" alt=\"\" width=\"800\" height=\"534\" srcset=\"https:\/\/www.keturist.sk\/info\/wp-content\/uploads\/2020\/11\/archeoskanzen2-800x534.jpg 800w, https:\/\/www.keturist.sk\/info\/wp-content\/uploads\/2020\/11\/archeoskanzen2-270x180.jpg 270w, https:\/\/www.keturist.sk\/info\/wp-content\/uploads\/2020\/11\/archeoskanzen2-768x512.jpg 768w, https:\/\/www.keturist.sk\/info\/wp-content\/uploads\/2020\/11\/archeoskanzen2.jpg 1000w\" sizes=\"auto, (max-width: 800px) 100vw, 800px\" \/><\/a><figcaption id=\"caption-attachment-34614\" class=\"wp-caption-text\">Archeologick\u00e9 n\u00e1lezisko a skanzen V\u00e1rhegy v Ni\u017enej My\u0161li, fotograf: Marcin\u010din Jozef<\/figcaption><\/figure>\n<p>Rozlohovo i\u0161lo u\u017e o 8 hekt\u00e1rov\u00fa osadu.<\/p>\n<p>Osada mala val s kamenno-zemno-drevenou kon\u0161trukciou.<\/p>\n<figure id=\"attachment_42432\" aria-describedby=\"caption-attachment-42432\" style=\"width: 800px\" class=\"wp-caption aligncenter\"><a href=\"https:\/\/www.keturist.sk\/info\/wp-content\/uploads\/2021\/10\/archeoskanzen13.jpg\"><img loading=\"lazy\" decoding=\"async\" class=\"wp-image-42432 size-medium\" src=\"https:\/\/www.keturist.sk\/info\/wp-content\/uploads\/2021\/10\/archeoskanzen13-800x534.jpg\" alt=\"\" width=\"800\" height=\"534\" srcset=\"https:\/\/www.keturist.sk\/info\/wp-content\/uploads\/2021\/10\/archeoskanzen13-800x534.jpg 800w, https:\/\/www.keturist.sk\/info\/wp-content\/uploads\/2021\/10\/archeoskanzen13-270x180.jpg 270w, https:\/\/www.keturist.sk\/info\/wp-content\/uploads\/2021\/10\/archeoskanzen13-768x513.jpg 768w, https:\/\/www.keturist.sk\/info\/wp-content\/uploads\/2021\/10\/archeoskanzen13.jpg 1000w\" sizes=\"auto, (max-width: 800px) 100vw, 800px\" \/><\/a><figcaption id=\"caption-attachment-42432\" class=\"wp-caption-text\">Archeologick\u00e9 n\u00e1lezisko a skanzen V\u00e1rhegy v Ni\u017enej My\u0161li, Jozef Mare\u010dek (https:\/\/www.facebook.com\/jozef.marecek.94)<\/figcaption><\/figure>\n<p>Nach\u00e1dzali sa tu domy zrubov\u00e9ho typu a po\u010detn\u00e9 hospod\u00e1rske objekty.<\/p>\n<p>Osada bola v\u00fdznamn\u00fdm mocensk\u00fdm centrom, ale aj strediskom kultu.<\/p>\n<p>Vykon\u00e1vali sa tu hlavne krvav\u00e9 kultov\u00e9 obrady, pri ktor\u00fdch sa obetovali hlavne zvierat\u00e1.<\/p>\n<p>V\u00fdnimo\u010dne sa tu praktizovalo aj obetovanie \u013eud\u00ed.<\/p>\n<p>Popri hrn\u010diarstve sa tu rozvinulo spracovanie kost\u00ed a parohoviny, ale aj spracovanie farebn\u00fdch kovov \u010do zabezpe\u010dilo rozmach a prosperitu osady.<\/p>\n<p><strong>Pohrebisko. <\/strong><\/p>\n<p>Nach\u00e1dza sa vo vzdialenosti 200 metrov od osady.<\/p>\n<figure id=\"attachment_34615\" aria-describedby=\"caption-attachment-34615\" style=\"width: 800px\" class=\"wp-caption aligncenter\"><a href=\"https:\/\/www.keturist.sk\/info\/wp-content\/uploads\/2020\/11\/archeoskanzen1.jpg\"><img loading=\"lazy\" decoding=\"async\" class=\"wp-image-34615 size-medium\" src=\"https:\/\/www.keturist.sk\/info\/wp-content\/uploads\/2020\/11\/archeoskanzen1-800x534.jpg\" alt=\"\" width=\"800\" height=\"534\" srcset=\"https:\/\/www.keturist.sk\/info\/wp-content\/uploads\/2020\/11\/archeoskanzen1-800x534.jpg 800w, https:\/\/www.keturist.sk\/info\/wp-content\/uploads\/2020\/11\/archeoskanzen1-270x180.jpg 270w, https:\/\/www.keturist.sk\/info\/wp-content\/uploads\/2020\/11\/archeoskanzen1-768x512.jpg 768w, https:\/\/www.keturist.sk\/info\/wp-content\/uploads\/2020\/11\/archeoskanzen1.jpg 1000w\" sizes=\"auto, (max-width: 800px) 100vw, 800px\" \/><\/a><figcaption id=\"caption-attachment-34615\" class=\"wp-caption-text\">Archeologick\u00e9 n\u00e1lezisko a skanzen V\u00e1rhegy v Ni\u017enej My\u0161li, fotograf: Marcin\u010din Jozef<\/figcaption><\/figure>\n<p>Najstar\u0161ie hroby boli vyh\u013aben\u00e9 pri z\u00e1padnom svahu a pohrebisko sa postupne roz\u0161irovalo smerom na v\u00fdchod.<\/p>\n<p>Na tomto pohrebisku bolo n\u00e1jden\u00fdch vy\u0161e 900 hrobov.<\/p>\n<p>V ka\u017edom hrobe sa nach\u00e1dzalo mno\u017estvo milodarov.<\/p>\n<p>Hrobov\u00e9 jamy s\u00fa orientovan\u00e9 na SJ, obd\u013a\u017enikov\u00e9ho tvaru. Pochov\u00e1valo sa v nich v skr\u010denej polohe, tv\u00e1rou na v\u00fdchod.<\/p>\n<p>\u017deny le\u017eali na \u013eavom, mu\u017ei na pravom boku.<\/p>\n<p>V hroboch bojovn\u00edkov, lovcov a remeseln\u00edkov a po\u013enohospod\u00e1rov sa \u010dasto na\u0161li stopy po kombinovanej drevenej v\u00fdstu\u017ei j\u00e1m, alebo zvy\u0161ky dreven\u00fdch truhiel a dvojdielnych sarkof\u00e1gov.<\/p>\n<h3><span style=\"color: #808000;\">Ako sa dosta\u0165 k archeologick\u00e9mu n\u00e1lezisku<\/span><\/h3>\n<p>Komplex\u00a0 dvoch os\u00e1d a pohrebisko sa nach\u00e1dza na juhu za obcou <a href=\"https:\/\/www.keturist.sk\/info\/turisticke-vychodiska\/smer-kosicka-kotlina\/obec-nizna-mysla\/\">Ni\u017en\u00e1 My\u0161la<\/a> na malom kopci v nadmorskej v\u00fd\u0161ke 217 m.<\/p>\n<p>Popri n\u00e1lezisku prech\u00e1dza\u00a0<img loading=\"lazy\" decoding=\"async\" class=\"alignnone wp-image-21433 size-full\" src=\"https:\/\/www.keturist.sk\/info\/wp-content\/uploads\/2013\/11\/cervena-1.png\" alt=\"\" width=\"20\" height=\"21\" \/> \u010derven\u00e1 turistick\u00e1 trasa a modr\u00e1 cykloturistick\u00e1 trasa.<\/p>\n<h3><span style=\"color: #808000;\">Otv\u00e1racie hodiny a vstupn\u00e9<\/span><\/h3>\n<ul>\n<li><a href=\"https:\/\/www.keturist.sk\/info\/otvaracie-hodiny-archeoskanzen-nizna-mysla\/\">Otv\u00e1racie hodiny a vstupn\u00e9 \u2013 Archeoskanzen Ni\u017en\u00e1 My\u0161\u013ea (\u010d\u00edtaj viac..)<\/a><\/li>\n<\/ul>\n<h3><span style=\"color: #808000;\">Bl\u00edzke stredisko, turistick\u00e9 centrum, obec alebo mesto:<\/span><\/h3>\n<ul>\n<li><a href=\" https:\/\/www.keturist.sk\/info\/turisticke-vychodiska\/smer-kosicka-kotlina\/obec-nizna-mysla\/\">Obec Ni\u017en\u00e1 Mi\u0161\u013ea (\u010d\u00edtaj viac&#8230;)<\/a><\/li>\n<\/ul>\n<h3><span style=\"color: #808000;\">Mapy<\/span><\/h3>\n<p><strong>Vrstvy: <\/strong>Turistick\u00e1 mapa, Automapa, Cyklomapa, Ly\u017eiarska mapa, Satelitn\u00e1 mapa a OpenStreetMap.<\/p>\n<p><strong>Kliknut\u00edm na logo &#8222;Freemap.sk&#8220; sa V\u00e1m mapa zobraz\u00ed na celej ploche obrazovky.<\/strong><\/p>\n<p><iframe style=\"width: 800px; height: 500px; border: 0;\" src=\"https:\/\/www.freemap.sk\/?map=14\/48.616995\/21.367507&amp;info-point=48.616995\/21.367507,Archeologick\u00e9 n\u00e1lezisko V\u00e1rhegy&amp;layers=T&amp;embed=search\" allowfullscreen=\"allowfullscreen\"><span data-mce-type=\"bookmark\" style=\"display: inline-block; width: 0px; overflow: hidden; line-height: 0;\" class=\"mce_SELRES_start\">\ufeff<\/span><\/iframe><\/p>\n<h3><span style=\"color: #808000;\">Po\u010dasie<\/span><\/h3>\n<p><iframe style=\"width: 800px; height: 606px;\" src=\"https:\/\/www.meteoblue.com\/sk\/po%C4%8Dasie\/widget\/three\/ni%c5%ben%c3%a1-my%c5%a1%c4%bea_slovensk%c3%a1-republika_724065?geoloc=fixed&amp;nocurrent=0&amp;noforecast=0&amp;days=5&amp;tempunit=CELSIUS&amp;windunit=KILOMETER_PER_HOUR&amp;layout=image\" frameborder=\"0\" scrolling=\"NO\" sandbox=\"allow-same-origin allow-scripts allow-popups allow-popups-to-escape-sandbox\"><\/iframe><\/p>\n<div><!-- DO NOT REMOVE THIS LINK --><a href=\"https:\/\/www.meteoblue.com\/sk\/po%C4%8Dasie\/predpove%C4%8F\/t%C3%BD%C5%BEde%C5%88\/ni%c5%ben%c3%a1-my%c5%a1%c4%bea_slovensk%c3%a1-republika_724065?utm_source=weather_widget&amp;utm_medium=linkus&amp;utm_content=three&amp;utm_campaign=Weather%2BWidget\" target=\"_blank\" rel=\"noopener noreferrer\">meteoblue<\/a><\/div>\n<p>&nbsp;<\/p>\n","protected":false},"excerpt":{"rendered":"<p>Podkateg\u00f3ria: Lokaliz\u00e1cia: Ko\u0161ick\u00e1 kotlina V\u0161eobecn\u00e9 inform\u00e1cie Obec\u00a0Ni\u017en\u00e1 My\u0161la predstavuje jedno z najbohat\u0161\u00edch archeologick\u00fdch n\u00e1lez\u00edsk na Slovensku zaznamen\u00e1vaj\u00face pravek\u00e9 os\u00eddlenie. Podarilo sa tu n\u00e1js\u0165 nieko\u013eko os\u00e1d z r\u00f4znych \u010dasov\u00fdch \u00fasekov od [&hellip;]<\/p>\n","protected":false},"author":1,"featured_media":0,"parent":11625,"menu_order":0,"comment_status":"closed","ping_status":"closed","template":"","meta":{"_uag_custom_page_level_css":"","_monsterinsights_skip_tracking":false,"_monsterinsights_sitenote_active":false,"_monsterinsights_sitenote_note":"","_monsterinsights_sitenote_category":0,"footnotes":""},"class_list":["post-12742","page","type-page","status-publish","hentry"],"featured_image_src":"","featured_image_src_square":false,"rbea_author_info":{"display_name":"admin","author_link":"https:\/\/www.keturist.sk\/info\/author\/admin\/"},"rbea_excerpt_info":"Podkateg\u00f3ria: Lokaliz\u00e1cia: Ko\u0161ick\u00e1 kotlina V\u0161eobecn\u00e9 inform\u00e1cie Obec\u00a0Ni\u017en\u00e1 My\u0161la predstavuje jedno z najbohat\u0161\u00edch archeologick\u00fdch n\u00e1lez\u00edsk na Slovensku zaznamen\u00e1vaj\u00face pravek\u00e9 os\u00eddlenie. Podarilo sa tu n\u00e1js\u0165 nieko\u013eko os\u00e1d z r\u00f4znych \u010dasov\u00fdch \u00fasekov od [&hellip;]","uagb_featured_image_src":{"full":false,"thumbnail":false,"medium":false,"medium_large":false,"large":false,"1536x1536":false,"2048x2048":false},"uagb_author_info":{"display_name":"admin","author_link":"https:\/\/www.keturist.sk\/info\/author\/admin\/"},"uagb_comment_info":0,"uagb_excerpt":"Podkateg\u00f3ria: Lokaliz\u00e1cia: Ko\u0161ick\u00e1 kotlina V\u0161eobecn\u00e9 inform\u00e1cie Obec\u00a0Ni\u017en\u00e1 My\u0161la predstavuje jedno z najbohat\u0161\u00edch archeologick\u00fdch n\u00e1lez\u00edsk na Slovensku zaznamen\u00e1vaj\u00face pravek\u00e9 os\u00eddlenie. Podarilo sa tu n\u00e1js\u0165 nieko\u013eko os\u00e1d z r\u00f4znych \u010dasov\u00fdch \u00fasekov od [&hellip;]","_links":{"self":[{"href":"https:\/\/www.keturist.sk\/info\/wp-json\/wp\/v2\/pages\/12742","targetHints":{"allow":["GET"]}}],"collection":[{"href":"https:\/\/www.keturist.sk\/info\/wp-json\/wp\/v2\/pages"}],"about":[{"href":"https:\/\/www.keturist.sk\/info\/wp-json\/wp\/v2\/types\/page"}],"author":[{"embeddable":true,"href":"https:\/\/www.keturist.sk\/info\/wp-json\/wp\/v2\/users\/1"}],"replies":[{"embeddable":true,"href":"https:\/\/www.keturist.sk\/info\/wp-json\/wp\/v2\/comments?post=12742"}],"version-history":[{"count":10,"href":"https:\/\/www.keturist.sk\/info\/wp-json\/wp\/v2\/pages\/12742\/revisions"}],"predecessor-version":[{"id":56386,"href":"https:\/\/www.keturist.sk\/info\/wp-json\/wp\/v2\/pages\/12742\/revisions\/56386"}],"up":[{"embeddable":true,"href":"https:\/\/www.keturist.sk\/info\/wp-json\/wp\/v2\/pages\/11625"}],"wp:attachment":[{"href":"https:\/\/www.keturist.sk\/info\/wp-json\/wp\/v2\/media?parent=12742"}],"curies":[{"name":"wp","href":"https:\/\/api.w.org\/{rel}","templated":true}]}}