{"id":11623,"date":"2015-05-16T07:03:56","date_gmt":"2015-05-16T05:03:56","guid":{"rendered":"https:\/\/www.keturist.sk\/info\/?page_id=11623"},"modified":"2026-02-28T09:04:59","modified_gmt":"2026-02-28T08:04:59","slug":"kam-za-pamiatkami-smer-slanske-vrchy","status":"publish","type":"page","link":"https:\/\/www.keturist.sk\/info\/kam-za-pamiatkami\/kam-za-pamiatkami-smer-slanske-vrchy\/","title":{"rendered":"Kam za pamiatkami &#8211; smer Slansk\u00e9 vrchy"},"content":{"rendered":"<a href=\"https:\/\/www.keturist.sk\/info\/\" class=\"su-button su-button-style-default\" style=\"color:#000000;background-color:#FFCF2F;border-color:#cca626;border-radius:5px\" target=\"_self\"><span style=\"color:#000000;padding:6px 16px;font-size:13px;line-height:20px;border-color:#ffde6e;border-radius:5px;text-shadow:none\"><i class=\"sui sui-arrow-right\" style=\"font-size:13px;color:#000000\"><\/i>  Spravodaj <\/span><\/a>\n<a href=\"https:\/\/www.keturist.sk\/info\/kam-za-pamiatkami\/\" class=\"su-button su-button-style-default\" style=\"color:#000000;background-color:#FFCF2F;border-color:#cca626;border-radius:5px\" target=\"_self\"><span style=\"color:#000000;padding:6px 16px;font-size:13px;line-height:20px;border-color:#ffde6e;border-radius:5px;text-shadow:none\"><i class=\"sui sui-arrow-right\" style=\"font-size:13px;color:#000000\"><\/i>  Kam za pamiatkami <\/span><\/a>\n<a href=\"https:\/\/www.keturist.sk\/info\/kam-za-pamiatkami\/kam-za-pamiatkami-smer-slanske-vrchy\/\" class=\"su-button su-button-style-default\" style=\"color:#000000;background-color:#FFCF2F;border-color:#cca626;border-radius:5px\" target=\"_self\"><span style=\"color:#000000;padding:6px 16px;font-size:13px;line-height:20px;border-color:#ffde6e;border-radius:5px;text-shadow:none\"><i class=\"sui sui-arrow-right\" style=\"font-size:13px;color:#000000\"><\/i>  smer Slansk\u00e9 vrchy <\/span><\/a>\n<div class=\"su-divider su-divider-style-default\" style=\"margin:15px 0;border-width:3px;border-color:#000000\"><\/div>\n<p><strong>Kam za pamiatkami \u2013 smer Slansk\u00e9 vrchy: Objavte hrady, ka\u0161tiele, n\u00e1bo\u017eensk\u00e9 pamiatky, \u013eudov\u00fa architekt\u00faru a technick\u00e9 pamiatky v tejto fascinuj\u00facej oblasti Ko\u0161ick\u00e9ho kraja.<\/strong><\/p>\n<div class=\"su-divider su-divider-style-default\" style=\"margin:15px 0;border-width:3px;border-color:#000000\"><\/div>\n<p><strong><span style=\"color: #000000;\">Hrady a ka\u0161tiele<\/span><\/strong><\/p>\n<div class=\"su-divider su-divider-style-default\" style=\"margin:15px 0;border-width:3px;border-color:#000000\"><\/div>\n<div id=\"metaslider-id-7852\" style=\"max-width: 800px; margin: 0 auto;\" class=\"ml-slider-3-108-0 metaslider metaslider-flex metaslider-7852 ml-slider ms-theme-default nav-hidden\" role=\"region\" aria-label=\"Slansky hrad\" data-height=\"250\" data-width=\"800\">\n    <div id=\"metaslider_container_7852\">\n        <div id=\"metaslider_7852\" class=\"flexslider\">\n            <ul class='slides'>\n                <li style=\"display: block; width: 100%;\" class=\"slide-72578 ms-image \" aria-roledescription=\"slide\" data-date=\"2025-12-27 09:41:44\" data-filename=\"hrad-slanec-800x250.png\" data-slide-type=\"image\"><a href=\"https:\/\/www.keturist.sk\/info\/hrady-a-kastiele\/slansky-hrad\/\" target=\"_self\" aria-label=\"View Slide Details\" class=\"metaslider_image_link\"><img loading=\"lazy\" decoding=\"async\" src=\"https:\/\/www.keturist.sk\/info\/wp-content\/uploads\/2025\/12\/hrad-slanec-800x250.png\" height=\"250\" width=\"800\" alt=\"Slansk\u00fd hrad \u2013 Hrad Slanec \u2013 Slaneck\u00fd hrad (zr\u00facanina)\" class=\"slider-7852 slide-72578 msDefaultImage\" title=\"Slansk\u00fd hrad \u2013 Hrad Slanec \u2013 Slaneck\u00fd hrad (zr\u00facanina)\" \/><\/a><div class=\"caption-wrap\"><div class=\"caption\"><div><strong><a href=\"https:\/\/www.keturist.sk\/info\/hrady-a-kastiele\/slansky-hrad\/\"><span style=\"color:#ffff00;\">Slansk\u00fd hrad \u2013 Hrad Slanec \u2013 Slaneck\u00fd hrad<\/span><\/a><\/strong><\/div><\/div><\/div><\/li>\n            <\/ul>\n        <\/div>\n        \n    <\/div>\n<\/div><div id=\"metaslider-id-21402\" style=\"max-width: 800px; margin: 0 auto;\" class=\"ml-slider-3-108-0 metaslider metaslider-flex metaslider-21402 ml-slider ms-theme-default nav-hidden nav-hidden\" role=\"region\" aria-label=\"Ka\u0161tie\u013e v obci Slanec\" data-height=\"250\" data-width=\"800\">\n    <div id=\"metaslider_container_21402\">\n        <div id=\"metaslider_21402\" class=\"flexslider\">\n            <ul class='slides'>\n                <li style=\"display: block; width: 100%;\" class=\"slide-72579 ms-image \" aria-roledescription=\"slide\" data-date=\"2025-12-27 09:43:11\" data-filename=\"kastiel-slanec-800x250.png\" data-slide-type=\"image\"><a href=\"https:\/\/www.keturist.sk\/info\/kam-za-pamiatkami\/kam-za-pamiatkami-smer-slanske-vrchy\/kastiel-v-obci-slanec-zaniknuty\/\" target=\"_self\" aria-label=\"View Slide Details\" class=\"metaslider_image_link\"><img loading=\"lazy\" decoding=\"async\" src=\"https:\/\/www.keturist.sk\/info\/wp-content\/uploads\/2025\/12\/kastiel-slanec-800x250.png\" height=\"250\" width=\"800\" alt=\"Ka\u0161tie\u013e v obci Slanec - zaniknut\u00fd\" class=\"slider-21402 slide-72579 msDefaultImage\" title=\"Ka\u0161tie\u013e v obci Slanec - zaniknut\u00fd\" \/><\/a><div class=\"caption-wrap\"><div class=\"caption\"><div><strong><a href=\"https:\/\/www.keturist.sk\/info\/kam-za-pamiatkami\/kam-za-pamiatkami-smer-slanske-vrchy\/kastiel-v-obci-slanec-zaniknuty\/\"><span style=\"color:#ffff00;\">Ka\u0161tie\u013e v obci Slanec<\/span><\/a><\/strong><\/div><\/div><\/div><\/li>\n            <\/ul>\n        <\/div>\n        \n    <\/div>\n<\/div>\n<div id=\"metaslider-id-21478\" style=\"max-width: 800px; margin: 0 auto;\" class=\"ml-slider-3-108-0 metaslider metaslider-flex metaslider-21478 ml-slider ms-theme-default nav-hidden nav-hidden nav-hidden\" role=\"region\" aria-label=\"Hrad Brani\u010dev \u2013 Paru\u0161\u0165an\" data-height=\"250\" data-width=\"800\">\n    <div id=\"metaslider_container_21478\">\n        <div id=\"metaslider_21478\" class=\"flexslider\">\n            <ul class='slides'>\n                <li style=\"display: block; width: 100%;\" class=\"slide-35900 ms-image \" aria-roledescription=\"slide\" data-date=\"2020-11-23 07:18:36\" data-filename=\"parustan1-800x250.jpg\" data-slide-type=\"image\"><a href=\"https:\/\/www.keturist.sk\/info\/hrad-braniaev-paruaayan\/\" target=\"_self\" aria-label=\"View Slide Details\" class=\"metaslider_image_link\"><img loading=\"lazy\" decoding=\"async\" src=\"https:\/\/www.keturist.sk\/info\/wp-content\/uploads\/2020\/05\/parustan1-800x250.jpg\" height=\"250\" width=\"800\" alt=\"Hrad Brani\u010dev \u2013 Paru\u0161\u0165an\" class=\"slider-21478 slide-35900 msDefaultImage\" title=\"Hrad Brani\u010dev \u2013 Paru\u0161\u0165an\" \/><\/a><div class=\"caption-wrap\"><div class=\"caption\"><b><a href=\"https:\/\/www.keturist.sk\/info\/hrad-braniaev-paruaayan\/\"><span style=\"color:#FFFF00;\">Hrad Brani\u010dev \u2013 Paru\u0161\u0165an<\/span><\/a><\/b><\/div><\/div><\/li>\n            <\/ul>\n        <\/div>\n        \n    <\/div>\n<\/div>\n<div id=\"metaslider-id-25712\" style=\"max-width: 800px; margin: 0 auto;\" class=\"ml-slider-3-108-0 metaslider metaslider-flex metaslider-25712 ml-slider ms-theme-default nav-hidden nav-hidden nav-hidden nav-hidden\" role=\"region\" aria-label=\"Loveck\u00fd z\u00e1mo\u010dek gr\u00f3fa Forg\u00e1\u010da \u2013 zaniknut\u00fd\" data-height=\"250\" data-width=\"800\">\n    <div id=\"metaslider_container_25712\">\n        <div id=\"metaslider_25712\" class=\"flexslider\">\n            <ul class='slides'>\n                <li style=\"display: block; width: 100%;\" class=\"slide-72580 ms-image \" aria-roledescription=\"slide\" data-date=\"2025-12-27 09:45:02\" data-filename=\"lovecky-zamocek-Forgac-800x250.png\" data-slide-type=\"image\"><a href=\"https:\/\/www.keturist.sk\/info\/kam-za-pamiatkami\/kam-za-pamiatkami-smer-slanske-vrchy\/lovecky-zamocek-grofa-forgaca\/\" target=\"_self\" aria-label=\"View Slide Details\" class=\"metaslider_image_link\"><img loading=\"lazy\" decoding=\"async\" src=\"https:\/\/www.keturist.sk\/info\/wp-content\/uploads\/2025\/12\/lovecky-zamocek-Forgac-800x250.png\" height=\"250\" width=\"800\" alt=\"Loveck\u00fd z\u00e1mo\u010dek gr\u00f3fa Forg\u00e1\u010da (Kerekhegyi)\" class=\"slider-25712 slide-72580 msDefaultImage\" title=\"Loveck\u00fd z\u00e1mo\u010dek gr\u00f3fa Forg\u00e1\u010da (Kerekhegyi)\" \/><\/a><div class=\"caption-wrap\"><div class=\"caption\"><div><strong><a href=\"https:\/\/www.keturist.sk\/info\/kam-za-pamiatkami\/kam-za-pamiatkami-smer-slanske-vrchy\/lovecky-zamocek-grofa-forgaca\/\"><span style=\"color:#ffff00;\">Loveck\u00fd z\u00e1mo\u010dek gr\u00f3fa Forg\u00e1\u010da \u2013 zaniknut\u00fd<\/span><\/a><\/strong><\/div><\/div><\/div><\/li>\n            <\/ul>\n        <\/div>\n        \n    <\/div>\n<\/div>\n<div class=\"su-divider su-divider-style-default\" style=\"margin:15px 0;border-width:3px;border-color:#000000\"><\/div>\n<p><strong><span style=\"color: #000000;\">Ostatn\u00e9 pamiatky &#8211; Slansk\u00e9 vrchy<\/span><\/strong><\/p>\n<div class=\"su-divider su-divider-style-default\" style=\"margin:15px 0;border-width:3px;border-color:#000000\"><\/div>\n<div id=\"metaslider-id-33154\" style=\"max-width: 800px; margin: 0 auto;\" class=\"ml-slider-3-108-0 metaslider metaslider-flex metaslider-33154 ml-slider ms-theme-default nav-hidden nav-hidden nav-hidden nav-hidden nav-hidden\" role=\"region\" aria-label=\"am\u00e4tn\u00edk oslobodenia a v\u00ed\u0165azstva a Sie\u0148 bojovej sl\u00e1vy na Dargove\" data-height=\"250\" data-width=\"800\">\n    <div id=\"metaslider_container_33154\">\n        <div id=\"metaslider_33154\" class=\"flexslider\">\n            <ul class='slides'>\n                <li style=\"display: block; width: 100%;\" class=\"slide-48844 ms-image \" aria-roledescription=\"slide\" data-date=\"2022-06-08 10:58:52\" data-filename=\"dargov-pametnik4-800x250.jpg\" data-slide-type=\"image\"><a href=\"https:\/\/www.keturist.sk\/info\/kam-za-pamiatkami\/kam-za-pamiatkami-smer-slanske-vrchy\/pamatnik-oslobodenia-a-vitazstva-a-sien-bojovej-slavy\/\" target=\"_self\" aria-label=\"View Slide Details\" class=\"metaslider_image_link\"><img loading=\"lazy\" decoding=\"async\" src=\"https:\/\/www.keturist.sk\/info\/wp-content\/uploads\/2022\/06\/dargov-pametnik4-800x250.jpg\" height=\"250\" width=\"800\" alt=\"\" class=\"slider-33154 slide-48844 msDefaultImage\" title=\"Dargovsk\u00fd priesmyk (474 m n. m.)\" \/><\/a><div class=\"caption-wrap\"><div class=\"caption\"><b><a href=\"https:\/\/www.keturist.sk\/info\/kam-za-pamiatkami\/kam-za-pamiatkami-smer-slanske-vrchy\/pamatnik-oslobodenia-a-vitazstva-a-sien-bojovej-slavy\/\"><span style=\"color:#FFFF00;\">Pam\u00e4tn\u00edk oslobodenia a v\u00ed\u0165azstva a Sie\u0148 bojovej sl\u00e1vy na Dargove\n\n<\/span><\/a><\/b><\/div><\/div><\/li>\n            <\/ul>\n        <\/div>\n        \n    <\/div>\n<\/div><div id=\"metaslider-id-8463\" style=\"max-width: 800px; margin: 0 auto;\" class=\"ml-slider-3-108-0 metaslider metaslider-flex metaslider-8463 ml-slider ms-theme-default nav-hidden nav-hidden nav-hidden nav-hidden nav-hidden nav-hidden\" role=\"region\" aria-label=\"Vojenske bunkre Slanska huta\" data-height=\"250\" data-width=\"800\">\n    <div id=\"metaslider_container_8463\">\n        <div id=\"metaslider_8463\" class=\"flexslider\">\n            <ul class='slides'>\n                <li style=\"display: block; width: 100%;\" class=\"slide-37236 ms-image \" aria-roledescription=\"slide\" data-date=\"2020-12-28 16:27:54\" data-filename=\"bunker1-800x250.jpg\" data-slide-type=\"image\"><a href=\"https:\/\/www.keturist.sk\/info\/ostatne-pamiatky\/vojenske-bunkre-z-i-csr-pri-obci-slanska-huta\/\" target=\"_self\" aria-label=\"View Slide Details\" class=\"metaslider_image_link\"><img loading=\"lazy\" decoding=\"async\" src=\"https:\/\/www.keturist.sk\/info\/wp-content\/uploads\/2020\/11\/bunker1-800x250.jpg\" height=\"250\" width=\"800\" alt=\"Vojensk\u00e9 bunkre z I. \u010cSR pri obci Slansk\u00e1 Huta\" class=\"slider-8463 slide-37236 msDefaultImage\" title=\"Vojensk\u00e9 bunkre z I. \u010cSR pri obci Slansk\u00e1 Huta\" \/><\/a><div class=\"caption-wrap\"><div class=\"caption\"><b><a href=\"https:\/\/www.keturist.sk\/info\/ostatne-pamiatky\/vojenske-bunkre-z-i-csr-pri-obci-slanska-huta\/\"><span style=\"color:#FFFF00;\">Vojensk\u00e9 bunkre z I. \u010cSR pri obci Slansk\u00e1 Huta<\/span><\/a><\/b><\/div><\/div><\/li>\n            <\/ul>\n        <\/div>\n        \n    <\/div>\n<\/div> <div id=\"metaslider-id-49052\" style=\"max-width: 800px; margin: 0 auto;\" class=\"ml-slider-3-108-0 metaslider metaslider-flex metaslider-49052 ml-slider ms-theme-default nav-hidden nav-hidden nav-hidden nav-hidden nav-hidden nav-hidden nav-hidden\" role=\"region\" aria-label=\"\u017dupn\u00fd kame\u0148 \u2013 Hrani\u010dn\u00fd kame\u0148 nad obcou Dargov\" data-height=\"250\" data-width=\"800\">\n    <div id=\"metaslider_container_49052\">\n        <div id=\"metaslider_49052\" class=\"flexslider\">\n            <ul class='slides'>\n                <li style=\"display: block; width: 100%;\" class=\"slide-49053 ms-image \" aria-roledescription=\"slide\" data-date=\"2022-06-14 14:42:51\" data-filename=\"pamatnik-dargov2-800x250.jpg\" data-slide-type=\"image\"><a href=\"https:\/\/www.keturist.sk\/info\/kam-za-pamiatkami\/kam-za-pamiatkami-smer-slanske-vrchy\/kamenny-meznik-hranicny-kamen-nad-obcou-dargov\/\" target=\"_self\" aria-label=\"View Slide Details\" class=\"metaslider_image_link\"><img loading=\"lazy\" decoding=\"async\" src=\"https:\/\/www.keturist.sk\/info\/wp-content\/uploads\/2022\/06\/pamatnik-dargov2-800x250.jpg\" height=\"250\" width=\"800\" alt=\"\" class=\"slider-49052 slide-49053 msDefaultImage\" title=\"pamatnik dargov2\" \/><\/a><div class=\"caption-wrap\"><div class=\"caption\"><b><a href=\"https:\/\/www.keturist.sk\/info\/kam-za-pamiatkami\/kam-za-pamiatkami-smer-slanske-vrchy\/kamenny-meznik-hranicny-kamen-nad-obcou-dargov\/\"><span style=\"color:#FFFF00;\">\u017dupn\u00fd kame\u0148 \u2013 Hrani\u010dn\u00fd kame\u0148 nad obcou Dargov<\/span><\/a><\/b><\/div><\/div><\/li>\n            <\/ul>\n        <\/div>\n        \n    <\/div>\n<\/div>\n<div class=\"su-divider su-divider-style-default\" style=\"margin:15px 0;border-width:3px;border-color:#000000\"><\/div>\n<p><strong><span style=\"color: #000000;\">N\u00e1bo\u017eensk\u00e9 pamiatky &#8211; Slansk\u00e9 vrchy<\/span><\/strong><\/p>\n<div class=\"su-divider su-divider-style-default\" style=\"margin:15px 0;border-width:3px;border-color:#000000\"><\/div>\n<div id=\"metaslider-id-34677\" style=\"max-width: 800px; margin: 0 auto;\" class=\"ml-slider-3-108-0 metaslider metaslider-flex metaslider-34677 ml-slider ms-theme-default nav-hidden nav-hidden nav-hidden nav-hidden nav-hidden nav-hidden nav-hidden nav-hidden\" role=\"region\" aria-label=\"Koscelek\" data-height=\"250\" data-width=\"800\">\n    <div id=\"metaslider_container_34677\">\n        <div id=\"metaslider_34677\" class=\"flexslider\">\n            <ul class='slides'>\n                <li style=\"display: block; width: 100%;\" class=\"slide-34679 ms-image \" aria-roledescription=\"slide\" data-date=\"2020-11-02 08:34:02\" data-filename=\"koscelek4-800x250.jpg\" data-slide-type=\"image\"><a href=\"https:\/\/www.keturist.sk\/info\/kam-za-pamiatkami\/kam-za-pamiatkami-smer-slanske-vrchy\/koscelek\/\" target=\"_self\" aria-label=\"View Slide Details\" class=\"metaslider_image_link\"><img loading=\"lazy\" decoding=\"async\" src=\"https:\/\/www.keturist.sk\/info\/wp-content\/uploads\/2020\/05\/koscelek4-800x250.jpg\" height=\"250\" width=\"800\" alt=\"\" class=\"slider-34677 slide-34679 msDefaultImage\" title=\"koscelek4\" \/><\/a><div class=\"caption-wrap\"><div class=\"caption\"><b><a href=\"https:\/\/www.keturist.sk\/info\/kam-za-pamiatkami\/kam-za-pamiatkami-smer-slanske-vrchy\/koscelek\/\"><span style=\"color:#FFFF00;\">Koscelek\n<\/span><\/a><\/b><\/div><\/div><\/li>\n            <\/ul>\n        <\/div>\n        \n    <\/div>\n<\/div><div id=\"metaslider-id-49057\" style=\"max-width: 800px; margin: 0 auto;\" class=\"ml-slider-3-108-0 metaslider metaslider-flex metaslider-49057 ml-slider ms-theme-default nav-hidden nav-hidden nav-hidden nav-hidden nav-hidden nav-hidden nav-hidden nav-hidden nav-hidden\" role=\"region\" aria-label=\"Dreven\u00e1 zvonica v obci Ba\u010dkov\" data-height=\"250\" data-width=\"800\">\n    <div id=\"metaslider_container_49057\">\n        <div id=\"metaslider_49057\" class=\"flexslider\">\n            <ul class='slides'>\n                <li style=\"display: block; width: 100%;\" class=\"slide-49058 ms-image \" aria-roledescription=\"slide\" data-date=\"2022-06-14 14:51:53\" data-filename=\"zvonica-backov-800x250.jpg\" data-slide-type=\"image\"><a href=\"https:\/\/www.keturist.sk\/info\/kam-za-pamiatkami\/kam-za-pamiatkami-smer-slanske-vrchy\/drevena-zvonica-v-obci-backov\/\" target=\"_self\" aria-label=\"View Slide Details\" class=\"metaslider_image_link\"><img loading=\"lazy\" decoding=\"async\" src=\"https:\/\/www.keturist.sk\/info\/wp-content\/uploads\/2022\/06\/zvonica-backov-800x250.jpg\" height=\"250\" width=\"800\" alt=\"\" class=\"slider-49057 slide-49058 msDefaultImage\" title=\"zvonica backov\" \/><\/a><div class=\"caption-wrap\"><div class=\"caption\"><b><a href=\"https:\/\/www.keturist.sk\/info\/kam-za-pamiatkami\/kam-za-pamiatkami-smer-slanske-vrchy\/drevena-zvonica-v-obci-backov\/\"><span style=\"color:#FFFF00;\">Dreven\u00e1 zvonica v obci Ba\u010dkov<\/span><\/a><\/b><\/div><\/div><\/li>\n            <\/ul>\n        <\/div>\n        \n    <\/div>\n<\/div> <div id=\"metaslider-id-49981\" style=\"max-width: 800px; margin: 0 auto;\" class=\"ml-slider-3-108-0 metaslider metaslider-flex metaslider-49981 ml-slider ms-theme-default nav-hidden nav-hidden nav-hidden nav-hidden nav-hidden nav-hidden nav-hidden nav-hidden nav-hidden nav-hidden\" role=\"region\" aria-label=\"Dreven\u00e1 zvonica v Dargove\" data-height=\"250\" data-width=\"800\">\n    <div id=\"metaslider_container_49981\">\n        <div id=\"metaslider_49981\" class=\"flexslider\">\n            <ul class='slides'>\n                <li style=\"display: block; width: 100%;\" class=\"slide-49983 ms-image \" aria-roledescription=\"slide\" data-date=\"2022-07-18 06:54:51\" data-filename=\"zvonica-dargov1-800x250.jpg\" data-slide-type=\"image\"><a href=\"https:\/\/www.keturist.sk\/info\/kam-za-pamiatkami\/kam-za-pamiatkami-smer-slanske-vrchy\/drevena-zvonica-v-dargove\/\" target=\"_self\" aria-label=\"View Slide Details\" class=\"metaslider_image_link\"><img loading=\"lazy\" decoding=\"async\" src=\"https:\/\/www.keturist.sk\/info\/wp-content\/uploads\/2022\/07\/zvonica-dargov1-800x250.jpg\" height=\"250\" width=\"800\" alt=\"\" class=\"slider-49981 slide-49983 msDefaultImage\" title=\"zvonica dargov1\" \/><\/a><div class=\"caption-wrap\"><div class=\"caption\"><b><a href=\"https:\/\/www.keturist.sk\/info\/kam-za-pamiatkami\/kam-za-pamiatkami-smer-slanske-vrchy\/drevena-zvonica-v-dargove\/\"><span style=\"color:#FFFF00;\">Dreven\u00e1 zvonica v Dargove\n<\/span><\/a><\/b> <\/div><\/div><\/li>\n            <\/ul>\n        <\/div>\n        \n    <\/div>\n<\/div>\n<div class=\"su-divider su-divider-style-default\" style=\"margin:15px 0;border-width:3px;border-color:#000000\"><\/div>\n<div class=\"su-divider su-divider-style-default\" style=\"margin:15px 0;border-width:3px;border-color:#000000\"><\/div>\n","protected":false},"excerpt":{"rendered":"<p>Kam za pamiatkami \u2013 smer Slansk\u00e9 vrchy: Objavte hrady, ka\u0161tiele, n\u00e1bo\u017eensk\u00e9 pamiatky, \u013eudov\u00fa architekt\u00faru a technick\u00e9 pamiatky v tejto fascinuj\u00facej oblasti Ko\u0161ick\u00e9ho kraja. Hrady a ka\u0161tiele Ostatn\u00e9 pamiatky &#8211; Slansk\u00e9 [&hellip;]<\/p>\n","protected":false},"author":1,"featured_media":0,"parent":51,"menu_order":0,"comment_status":"closed","ping_status":"closed","template":"","meta":{"_uag_custom_page_level_css":"","_monsterinsights_skip_tracking":false,"_monsterinsights_sitenote_active":false,"_monsterinsights_sitenote_note":"","_monsterinsights_sitenote_category":0,"footnotes":""},"class_list":["post-11623","page","type-page","status-publish","hentry"],"featured_image_src":"","featured_image_src_square":false,"rbea_author_info":{"display_name":"admin","author_link":"https:\/\/www.keturist.sk\/info\/author\/admin\/"},"rbea_excerpt_info":"Kam za pamiatkami \u2013 smer Slansk\u00e9 vrchy: Objavte hrady, ka\u0161tiele, n\u00e1bo\u017eensk\u00e9 pamiatky, \u013eudov\u00fa architekt\u00faru a technick\u00e9 pamiatky v tejto fascinuj\u00facej oblasti Ko\u0161ick\u00e9ho kraja. Hrady a ka\u0161tiele Ostatn\u00e9 pamiatky &#8211; Slansk\u00e9 [&hellip;]","uagb_featured_image_src":{"full":false,"thumbnail":false,"medium":false,"medium_large":false,"large":false,"1536x1536":false,"2048x2048":false},"uagb_author_info":{"display_name":"admin","author_link":"https:\/\/www.keturist.sk\/info\/author\/admin\/"},"uagb_comment_info":0,"uagb_excerpt":"Kam za pamiatkami \u2013 smer Slansk\u00e9 vrchy: Objavte hrady, ka\u0161tiele, n\u00e1bo\u017eensk\u00e9 pamiatky, \u013eudov\u00fa architekt\u00faru a technick\u00e9 pamiatky v tejto fascinuj\u00facej oblasti Ko\u0161ick\u00e9ho kraja. Hrady a ka\u0161tiele Ostatn\u00e9 pamiatky &#8211; Slansk\u00e9 [&hellip;]","_links":{"self":[{"href":"https:\/\/www.keturist.sk\/info\/wp-json\/wp\/v2\/pages\/11623","targetHints":{"allow":["GET"]}}],"collection":[{"href":"https:\/\/www.keturist.sk\/info\/wp-json\/wp\/v2\/pages"}],"about":[{"href":"https:\/\/www.keturist.sk\/info\/wp-json\/wp\/v2\/types\/page"}],"author":[{"embeddable":true,"href":"https:\/\/www.keturist.sk\/info\/wp-json\/wp\/v2\/users\/1"}],"replies":[{"embeddable":true,"href":"https:\/\/www.keturist.sk\/info\/wp-json\/wp\/v2\/comments?post=11623"}],"version-history":[{"count":11,"href":"https:\/\/www.keturist.sk\/info\/wp-json\/wp\/v2\/pages\/11623\/revisions"}],"predecessor-version":[{"id":74149,"href":"https:\/\/www.keturist.sk\/info\/wp-json\/wp\/v2\/pages\/11623\/revisions\/74149"}],"up":[{"embeddable":true,"href":"https:\/\/www.keturist.sk\/info\/wp-json\/wp\/v2\/pages\/51"}],"wp:attachment":[{"href":"https:\/\/www.keturist.sk\/info\/wp-json\/wp\/v2\/media?parent=11623"}],"curies":[{"name":"wp","href":"https:\/\/api.w.org\/{rel}","templated":true}]}}