{"id":11387,"date":"2015-05-02T06:58:36","date_gmt":"2015-05-02T04:58:36","guid":{"rendered":"https:\/\/www.keturist.sk\/info\/?page_id=11387"},"modified":"2026-01-01T15:12:18","modified_gmt":"2026-01-01T14:12:18","slug":"prirodna-pamiatka-margecianska-linia","status":"publish","type":"page","link":"https:\/\/www.keturist.sk\/info\/kam-do-prirody\/prirodna-pamiatka-margecianska-linia\/","title":{"rendered":"Pr\u00edrodn\u00e1 pamiatka Margecianska l\u00ednia"},"content":{"rendered":"<a href=\"https:\/\/www.keturist.sk\/info\/\" class=\"su-button su-button-style-default\" style=\"color:#000000;background-color:#FFCF2F;border-color:#cca626;border-radius:5px\" target=\"_self\"><span style=\"color:#000000;padding:6px 16px;font-size:13px;line-height:20px;border-color:#ffde6e;border-radius:5px;text-shadow:none\"><i class=\"sui sui-arrow-right\" style=\"font-size:13px;color:#000000\"><\/i>  Spravodaj <\/span><\/a>\n<a href=\"https:\/\/www.keturist.sk\/info\/tipy-na-vylety\/\" class=\"su-button su-button-style-default\" style=\"color:#000000;background-color:#FFCF2F;border-color:#cca626;border-radius:5px\" target=\"_self\"><span style=\"color:#000000;padding:6px 16px;font-size:13px;line-height:20px;border-color:#ffde6e;border-radius:5px;text-shadow:none\"><i class=\"sui sui-arrow-right\" style=\"font-size:13px;color:#000000\"><\/i>  TIPY NA V\u00ddLETY <\/span><\/a>\n<a href=\"https:\/\/www.keturist.sk\/info\/kam-do-prirody\/\" class=\"su-button su-button-style-default\" style=\"color:#000000;background-color:#FFCF2F;border-color:#cca626;border-radius:5px\" target=\"_self\"><span style=\"color:#000000;padding:6px 16px;font-size:13px;line-height:20px;border-color:#ffde6e;border-radius:5px;text-shadow:none\"><i class=\"sui sui-arrow-right\" style=\"font-size:13px;color:#000000\"><\/i>  Kam do pr\u00edrody <\/span><\/a>\n<a href=\"https:\/\/www.keturist.sk\/info\/kam-do-prirody\/kam-do-prirody-smer-volovske-vrchy\/\" class=\"su-button su-button-style-default\" style=\"color:#000000;background-color:#FFCF2F;border-color:#cca626;border-radius:5px\" target=\"_self\"><span style=\"color:#000000;padding:6px 16px;font-size:13px;line-height:20px;border-color:#ffde6e;border-radius:5px;text-shadow:none\"><i class=\"sui sui-arrow-right\" style=\"font-size:13px;color:#000000\"><\/i>  Smer Volovsk\u00e9 vrchy <\/span><\/a>\n<div class=\"su-divider su-divider-style-default\" style=\"margin:15px 0;border-width:0px;border-color:#000000\"><\/div>\n<strong>Podkateg\u00f3ria: <\/strong> <a href=\"https:\/\/www.keturist.sk\/info\/kam-do-prirody\/kam-do-prirody-smer-volovske-vrchy\/ochrana-prirody\/\" class=\"su-button su-button-style-default\" style=\"color:#000000;background-color:#C5ED2C;border-color:#9ebe24;border-radius:5px\" target=\"_self\"><span style=\"color:#000000;padding:6px 16px;font-size:13px;line-height:20px;border-color:#d7f36c;border-radius:5px;text-shadow:none\"><i class=\"sui sui-arrow-right\" style=\"font-size:13px;color:#000000\"><\/i>  Ochrana pr\u00edrody <\/span><\/a>\n<p><strong>Lokaliz\u00e1cia: <\/strong><a href=\"https:\/\/www.keturist.sk\/info\/okolite-hory\/volovske-vrchy\/\">Volovsk\u00e9 vrchy<\/a><\/p>\n<div class=\"su-divider su-divider-style-default\" style=\"margin:15px 0;border-width:2px;border-color:#000000\"><\/div>\n<figure id=\"attachment_36784\" aria-describedby=\"caption-attachment-36784\" style=\"width: 900px\" class=\"wp-caption aligncenter\"><a href=\"https:\/\/www.keturist.sk\/info\/wp-content\/uploads\/2020\/12\/margecianska-linia1.jpg\"><img loading=\"lazy\" decoding=\"async\" class=\"wp-image-36784\" src=\"https:\/\/www.keturist.sk\/info\/wp-content\/uploads\/2020\/12\/margecianska-linia1.jpg\" alt=\"Pr\u00edrodn\u00e1 pamiatka Margecianska l\u00ednia\" width=\"900\" height=\"675\" srcset=\"https:\/\/www.keturist.sk\/info\/wp-content\/uploads\/2020\/12\/margecianska-linia1.jpg 800w, https:\/\/www.keturist.sk\/info\/wp-content\/uploads\/2020\/12\/margecianska-linia1-240x180.jpg 240w, https:\/\/www.keturist.sk\/info\/wp-content\/uploads\/2020\/12\/margecianska-linia1-768x576.jpg 768w\" sizes=\"auto, (max-width: 900px) 100vw, 900px\" \/><\/a><figcaption id=\"caption-attachment-36784\" class=\"wp-caption-text\">Pr\u00edrodn\u00e1 pamiatka Margecianska l\u00ednia<\/figcaption><\/figure>\n<div class=\"su-divider su-divider-style-default\" style=\"margin:15px 0;border-width:2px;border-color:#000000\"><\/div>\n<h3><span style=\"color: #808000;\">V\u0161eobecn\u00e9 inform\u00e1cie<\/span><\/h3>\n<h2 class=\"ds-markdown-paragraph\"><span style=\"color: #800000;\">\u010co je to Pr\u00edrodn\u00e1 pamiatka Margecianska l\u00ednia a pre\u010do je v\u00fdnimo\u010dn\u00e1?<\/span><\/h2>\n<p class=\"ds-markdown-paragraph\"><strong>Pr\u00edrodn\u00e1 pamiatka Margecianska l\u00ednia<\/strong>\u00a0je chr\u00e1nen\u00e9 \u00fazemie vyhl\u00e1sen\u00e9 na ochranu impozantnej skalnej steny. T\u00e1to stena odkr\u00fdva jednu z\u00a0<strong>najv\u00fdznamnej\u0161\u00edch tektonick\u00fdch l\u00edni\u00ed<\/strong>\u00a0cel\u00fdch\u00a0<strong>Z\u00e1padn\u00fdch Karp\u00e1t<\/strong>, \u010d\u00edm pon\u00faka jedine\u010dn\u00fd poh\u013ead do geologickej hist\u00f3rie regi\u00f3nu.<\/p>\n<h2 class=\"ds-markdown-paragraph\"><span style=\"color: #800000;\">Ak\u00e9 geologick\u00e9 \u00fatvary tu m\u00f4\u017eem vidie\u0165?<\/span><\/h2>\n<p class=\"ds-markdown-paragraph\">Presne na tomto mieste m\u00f4\u017eete na vlastn\u00e9 o\u010di vidie\u0165, ako\u00a0<strong>Margecianska l\u00ednia<\/strong>\u00a0odde\u013euje dve rozdielne geologick\u00e9 jednotky. Na jednej strane s\u00fa to horniny\u00a0<strong>Gemerika<\/strong>, konkr\u00e9tne\u00a0<strong>bridlice a fylitick\u00e9 bridlice<\/strong>. Na strane druhej sa nach\u00e1dzaj\u00fa horniny\u00a0<strong>Veporika<\/strong>, ktor\u00e9 reprezentuj\u00fa\u00a0<strong>svory a svorov\u00e9 fylity<\/strong>.<\/p>\n<h2 class=\"ds-markdown-paragraph\"><span style=\"color: #800000;\">Kedy a ako bola t\u00e1to pamiatka chr\u00e1nen\u00e1?<\/span><\/h2>\n<p class=\"ds-markdown-paragraph\">Tento unik\u00e1tny geologick\u00fd v\u00fdtvor bol za\u00a0<strong>pr\u00edrodn\u00fa pamiatku<\/strong>\u00a0vyhl\u00e1sen\u00fd u\u017e v roku\u00a0<strong>1992<\/strong>. Jej chr\u00e1nen\u00e9 \u00fazemie zaber\u00e1 plochu\u00a0<strong>4 385 m2<\/strong>\u00a0a patr\u00ed do\u00a0<strong>4. stup\u0148a ochrany<\/strong>.<\/p>\n<h2 class=\"ds-markdown-paragraph\"><span style=\"color: #800000;\">Kde presne sa nach\u00e1dza a \u010do tvor\u00ed?<\/span><\/h2>\n<p class=\"ds-markdown-paragraph\"><strong>Skaln\u00e1 stena<\/strong>\u00a0sa tiahne v z\u00e1reze\u00a0<strong>\u0161t\u00e1tnej cesty<\/strong>, kde z\u00e1rove\u0148 prirodzene tvor\u00ed hranicu medzi dvoma v\u00fdznamn\u00fdmi\u00a0<strong>geomorfologick\u00fdmi celkami<\/strong>: na jednej strane s\u00fa to\u00a0<strong>Volovsk\u00e9 vrchy<\/strong>\u00a0a na druhej\u00a0<strong>\u010cierna hora<\/strong>.<\/p>\n<h2 class=\"ds-markdown-paragraph\"><span style=\"color: #800000;\">Ak\u00fd je jej v\u00fdznam pre okolit\u00fa krajinu?<\/span><\/h2>\n<p class=\"ds-markdown-paragraph\">Okrem svojho vedeck\u00e9ho v\u00fdznamu je\u00a0<strong>Margecianska l\u00ednia<\/strong>\u00a0d\u00f4le\u017eit\u00fdm\u00a0<strong>estetick\u00fdm prvkom<\/strong>\u00a0v okol\u00ed popul\u00e1rnej\u00a0<strong>vodnej n\u00e1dr\u017ee Ru\u017e\u00edn<\/strong>, \u010d\u00edm prispieva k jedine\u010dn\u00e9mu genius loci tohto ob\u013e\u00faben\u00e9ho cie\u013ea turistov a rekreantov.<\/p>\n<h2><span style=\"color: #800000;\">Ako sa dosta\u0165 k Margecianskej l\u00edni\u00ed?<\/span><\/h2>\n<p>Pr\u00edrodn\u00e1 pamiatka sa nach\u00e1dza za obcou <a href=\"https:\/\/www.keturist.sk\/info\/smer-cierna-hora\/obec-margecany\/\">Margecany<\/a> hne\u010f za <strong>r\u00edmskokatol\u00edckym kostolom sv. Margity<\/strong> a cestou II. triedy \u010d. 546 &#8211; smer Spi\u0161sk\u00e1 Nov\u00e1 Ves, <a href=\"https:\/\/www.keturist.sk\/info\/smer-volovske-vrchy\/mesto-krompachy-stredisko-plejsy\/\">Krompachy<\/a>, <a href=\"https:\/\/www.keturist.sk\/info\/smer-cierna-hora\/obec-margecany\/\">Margecany<\/a>, <a href=\"https:\/\/www.keturist.sk\/info\/smer-cierna-hora\/obec-jaklovce\/\">Jaklovce<\/a>, <a href=\"https:\/\/www.keturist.sk\/info\/smer-volovske-vrchy\/mesto-gelnica\/\">Gelnica<\/a>.<\/p>\n<p>Popri pr\u00edrodnej pamiatke prech\u00e1dza \u00a0<a href=\"https:\/\/www.keturist.sk\/info\/wp-content\/uploads\/2013\/11\/cervena-1.png\"><img loading=\"lazy\" decoding=\"async\" class=\"alignnone wp-image-21433 size-full\" src=\"https:\/\/www.keturist.sk\/info\/wp-content\/uploads\/2013\/11\/cervena-1.png\" alt=\"\" width=\"20\" height=\"21\" \/><\/a> \u010derven\u00e1 turistick\u00e1 trasa z <a href=\"https:\/\/www.keturist.sk\/info\/smer-cierna-hora\/obec-margecany\/\">Margecian<\/a> do <a href=\"https:\/\/www.keturist.sk\/info\/smer-cierna-hora\/obec-jaklovce\/\">Jakloviec<\/a>.<\/p>\n<p>Taktie\u017e popri pr\u00edrodnej pamiatke prech\u00e1dzaj\u00fa \u010derven\u00e1 a modr\u00e1 cykloturistick\u00e9 trasy z <a href=\"https:\/\/www.keturist.sk\/info\/smer-cierna-hora\/obec-margecany\/\">Margecian<\/a> do <a href=\"https:\/\/www.keturist.sk\/info\/smer-cierna-hora\/obec-jaklovce\/\">Jakloviec<\/a>.<\/p>\n<h2><span style=\"color: #800000;\">Fotogal\u00e9ria<\/span><\/h2>\n<style type=\"text\/css\">\n#foogallery-gallery-72878 .fg-image { width: 200px; }<\/style>\n\t\t\t<div class=\"foogallery foogallery-container foogallery-carousel foogallery-lightbox-foogallery fg-carousel fg-ready fg-light fg-border-medium fg-round-small fg-shadow-medium fg-loading-default fg-loaded-fade-in fg-hover-semi-zoomed fg-hover-fade fg-hover-circle-plus2\" id=\"foogallery-gallery-72878\" data-foogallery=\"{&quot;item&quot;:{&quot;showCaptionTitle&quot;:true,&quot;showCaptionDescription&quot;:true},&quot;lazy&quot;:true,&quot;template&quot;:{&quot;maxItems&quot;:5,&quot;scale&quot;:0.11999999999999999555910790149937383830547332763671875,&quot;gutter&quot;:{&quot;min&quot;:-40,&quot;max&quot;:-20,&quot;unit&quot;:&quot;%&quot;},&quot;autoplay&quot;:{&quot;time&quot;:0,&quot;interaction&quot;:&quot;pause&quot;},&quot;centerOnClick&quot;:true,&quot;align&quot;:&quot;center&quot;,&quot;activePosition&quot;:&quot;center&quot;}}\" data-foogallery-lightbox=\"{&quot;thumbs&quot;:&quot;bottom&quot;,&quot;thumbsCaptions&quot;:false,&quot;thumbsBestFit&quot;:false,&quot;thumbsSmall&quot;:false,&quot;thumbsCaptionsAlign&quot;:&quot;default&quot;,&quot;info&quot;:&quot;bottom&quot;,&quot;infoVisible&quot;:true,&quot;infoOverlay&quot;:true,&quot;infoAlign&quot;:&quot;default&quot;,&quot;transition&quot;:&quot;fade&quot;,&quot;hoverButtons&quot;:false,&quot;fitMedia&quot;:false,&quot;noScrollbars&quot;:true,&quot;preserveButtonSpace&quot;:true,&quot;buttons&quot;:{&quot;fullscreen&quot;:true,&quot;info&quot;:true,&quot;thumbs&quot;:false},&quot;video&quot;:{&quot;autoPlay&quot;:true}}\" style=\"--fg-title-line-clamp: 1; --fg-description-line-clamp: 2;\" >\n\t<button type=\"button\" class=\"fg-carousel-prev\" title=\"Previous\"><\/button>\n\t<div class=\"fg-carousel-inner\">\n\t\t<div class=\"fg-carousel-center\"><\/div>\n\t\t<div class=\"fg-item fg-type-image fg-idle\"><figure class=\"fg-item-inner\"><a href=\"https:\/\/www.keturist.sk\/info\/wp-content\/uploads\/2020\/12\/margecianska-linia1.jpg\" data-caption-title=\"Pr\u00edrodn\u00e1 pamiatka Margecianska l\u00ednia\" data-attachment-id=\"36784\" data-type=\"image\" class=\"fg-thumb\"><span class=\"fg-image-wrap\"><img decoding=\"async\" alt=\"Pr\u00edrodn\u00e1 pamiatka Margecianska l\u00ednia\" title=\"Pr\u00edrodn\u00e1 pamiatka Margecianska l\u00ednia\" width=\"200\" height=\"200\" class=\"skip-lazy fg-image\" data-src-fg=\"https:\/\/www.keturist.sk\/info\/wp-content\/uploads\/cache\/2020\/12\/margecianska-linia1\/2389903928.jpg\" src=\"data:image\/svg+xml,%3Csvg%20xmlns%3D%22http%3A%2F%2Fwww.w3.org%2F2000%2Fsvg%22%20width%3D%22200%22%20height%3D%22200%22%20viewBox%3D%220%200%20200%20200%22%3E%3C%2Fsvg%3E\" loading=\"eager\"><\/span><span class=\"fg-image-overlay\"><\/span><\/a><figcaption class=\"fg-caption\"><div class=\"fg-caption-inner\"><div class=\"fg-caption-title\">Pr\u00edrodn\u00e1 pamiatka Margecianska l\u00ednia<\/div><\/div><\/figcaption><\/figure><div class=\"fg-loader\"><\/div><\/div><div class=\"fg-item fg-type-image fg-idle\"><figure class=\"fg-item-inner\"><a href=\"https:\/\/www.keturist.sk\/info\/wp-content\/uploads\/2020\/12\/margecianska-linia2.jpg\" data-caption-title=\"Margecianska l\u00ednia a kostolom sv. Margity\" data-attachment-id=\"36786\" data-type=\"image\" class=\"fg-thumb\"><span class=\"fg-image-wrap\"><img decoding=\"async\" alt=\"Margecianska l\u00ednia a kostolom sv. Margity\" title=\"Margecianska l\u00ednia a kostolom sv. Margity\" width=\"200\" height=\"200\" class=\"skip-lazy fg-image\" data-src-fg=\"https:\/\/www.keturist.sk\/info\/wp-content\/uploads\/cache\/2020\/12\/margecianska-linia2\/2569959650.jpg\" src=\"data:image\/svg+xml,%3Csvg%20xmlns%3D%22http%3A%2F%2Fwww.w3.org%2F2000%2Fsvg%22%20width%3D%22200%22%20height%3D%22200%22%20viewBox%3D%220%200%20200%20200%22%3E%3C%2Fsvg%3E\" loading=\"eager\"><\/span><span class=\"fg-image-overlay\"><\/span><\/a><figcaption class=\"fg-caption\"><div class=\"fg-caption-inner\"><div class=\"fg-caption-title\">Margecianska l\u00ednia a kostolom sv. Margity<\/div><\/div><\/figcaption><\/figure><div class=\"fg-loader\"><\/div><\/div>\t<\/div>\n\t<div class=\"fg-carousel-bottom\"><\/div>\n\t<div class=\"fg-carousel-progress\"><\/div>\n\t<button type=\"button\" class=\"fg-carousel-next\" title=\"Next\"><\/button>\n<\/div>\n<h2><span style=\"color: #800000;\">Zauj\u00edmav\u00e9 odkazy<\/span><\/h2>\n<h3><span style=\"color: #808000;\">Bl\u00edzke stredisko, turistick\u00e9 centrum, obec alebo mesto:<\/span><\/h3>\n<ul>\n<li><a href=\"https:\/\/www.keturist.sk\/info\/smer-cierna-hora\/obec-margecany\/\">Obec Margecany (\u010d\u00edtaj viac&#8230;)<\/a><\/li>\n<\/ul>\n<h2><span style=\"color: #800000;\">Mapy<\/span><\/h2>\n<p><iframe style=\"width: 900px; height: 500px; border: 0;\" src=\"https:\/\/www.freemap.sk\/?map=16\/48.887556\/21.005355&amp;info-point=48.887556\/21.005355,Pr\u00edrodn\u00e1 pamiatka Margecianska l\u00ednia&amp;layers=X&amp;embed=search\" allowfullscreen=\"allowfullscreen\"><span data-mce-type=\"bookmark\" style=\"display: inline-block; width: 0px; overflow: hidden; line-height: 0;\" class=\"mce_SELRES_start\">\ufeff<\/span><span data-mce-type=\"bookmark\" style=\"display: inline-block; width: 0px; overflow: hidden; line-height: 0;\" class=\"mce_SELRES_start\">\ufeff<\/span><\/iframe><\/p>\n<h2><span style=\"color: #800000;\">Po\u010dasie<\/span><\/h2>\n<p><iframe style=\"width: 900px; height: 605px;\" src=\"https:\/\/www.meteoblue.com\/sk\/po%C4%8Dasie\/widget\/three\/margecany_slovensk%c3%a1-republika_724182?geoloc=fixed&amp;nocurrent=0&amp;noforecast=0&amp;days=5&amp;tempunit=CELSIUS&amp;windunit=KILOMETER_PER_HOUR&amp;layout=image\" frameborder=\"0\" scrolling=\"NO\" sandbox=\"allow-same-origin allow-scripts allow-popups allow-popups-to-escape-sandbox\"><\/iframe><\/p>\n<div><!-- DO NOT REMOVE THIS LINK --><a href=\"https:\/\/www.meteoblue.com\/sk\/po%C4%8Dasie\/predpove%C4%8F\/t%C3%BD%C5%BEde%C5%88\/margecany_slovensk%c3%a1-republika_724182?utm_source=weather_widget&amp;utm_medium=linkus&amp;utm_content=three&amp;utm_campaign=Weather%2BWidget\" target=\"_blank\" rel=\"noopener noreferrer\">meteoblue<\/a><\/div>\n","protected":false},"excerpt":{"rendered":"<p>Podkateg\u00f3ria: Lokaliz\u00e1cia: Volovsk\u00e9 vrchy V\u0161eobecn\u00e9 inform\u00e1cie \u010co je to Pr\u00edrodn\u00e1 pamiatka Margecianska l\u00ednia a pre\u010do je v\u00fdnimo\u010dn\u00e1? Pr\u00edrodn\u00e1 pamiatka Margecianska l\u00ednia\u00a0je chr\u00e1nen\u00e9 \u00fazemie vyhl\u00e1sen\u00e9 na ochranu impozantnej skalnej steny. T\u00e1to [&hellip;]<\/p>\n","protected":false},"author":1,"featured_media":36784,"parent":49,"menu_order":0,"comment_status":"closed","ping_status":"closed","template":"","meta":{"_uag_custom_page_level_css":"","_monsterinsights_skip_tracking":false,"_monsterinsights_sitenote_active":false,"_monsterinsights_sitenote_note":"","_monsterinsights_sitenote_category":0,"footnotes":""},"class_list":["post-11387","page","type-page","status-publish","has-post-thumbnail","hentry"],"featured_image_src":"https:\/\/www.keturist.sk\/info\/wp-content\/uploads\/2020\/12\/margecianska-linia1.jpg","featured_image_src_square":"https:\/\/www.keturist.sk\/info\/wp-content\/uploads\/2020\/12\/margecianska-linia1.jpg","rbea_author_info":{"display_name":"admin","author_link":"https:\/\/www.keturist.sk\/info\/author\/admin\/"},"rbea_excerpt_info":"Podkateg\u00f3ria: Lokaliz\u00e1cia: Volovsk\u00e9 vrchy V\u0161eobecn\u00e9 inform\u00e1cie \u010co je to Pr\u00edrodn\u00e1 pamiatka Margecianska l\u00ednia a pre\u010do je v\u00fdnimo\u010dn\u00e1? Pr\u00edrodn\u00e1 pamiatka Margecianska l\u00ednia\u00a0je chr\u00e1nen\u00e9 \u00fazemie vyhl\u00e1sen\u00e9 na ochranu impozantnej skalnej steny. T\u00e1to [&hellip;]","uagb_featured_image_src":{"full":["https:\/\/www.keturist.sk\/info\/wp-content\/uploads\/2020\/12\/margecianska-linia1.jpg",800,600,false],"thumbnail":["https:\/\/www.keturist.sk\/info\/wp-content\/uploads\/2020\/12\/margecianska-linia1-240x180.jpg",240,180,true],"medium":["https:\/\/www.keturist.sk\/info\/wp-content\/uploads\/2020\/12\/margecianska-linia1.jpg",800,600,false],"medium_large":["https:\/\/www.keturist.sk\/info\/wp-content\/uploads\/2020\/12\/margecianska-linia1-768x576.jpg",768,576,true],"large":["https:\/\/www.keturist.sk\/info\/wp-content\/uploads\/2020\/12\/margecianska-linia1.jpg",800,600,false],"1536x1536":["https:\/\/www.keturist.sk\/info\/wp-content\/uploads\/2020\/12\/margecianska-linia1.jpg",800,600,false],"2048x2048":["https:\/\/www.keturist.sk\/info\/wp-content\/uploads\/2020\/12\/margecianska-linia1.jpg",800,600,false]},"uagb_author_info":{"display_name":"admin","author_link":"https:\/\/www.keturist.sk\/info\/author\/admin\/"},"uagb_comment_info":0,"uagb_excerpt":"Podkateg\u00f3ria: Lokaliz\u00e1cia: Volovsk\u00e9 vrchy V\u0161eobecn\u00e9 inform\u00e1cie \u010co je to Pr\u00edrodn\u00e1 pamiatka Margecianska l\u00ednia a pre\u010do je v\u00fdnimo\u010dn\u00e1? Pr\u00edrodn\u00e1 pamiatka Margecianska l\u00ednia\u00a0je chr\u00e1nen\u00e9 \u00fazemie vyhl\u00e1sen\u00e9 na ochranu impozantnej skalnej steny. T\u00e1to [&hellip;]","_links":{"self":[{"href":"https:\/\/www.keturist.sk\/info\/wp-json\/wp\/v2\/pages\/11387","targetHints":{"allow":["GET"]}}],"collection":[{"href":"https:\/\/www.keturist.sk\/info\/wp-json\/wp\/v2\/pages"}],"about":[{"href":"https:\/\/www.keturist.sk\/info\/wp-json\/wp\/v2\/types\/page"}],"author":[{"embeddable":true,"href":"https:\/\/www.keturist.sk\/info\/wp-json\/wp\/v2\/users\/1"}],"replies":[{"embeddable":true,"href":"https:\/\/www.keturist.sk\/info\/wp-json\/wp\/v2\/comments?post=11387"}],"version-history":[{"count":5,"href":"https:\/\/www.keturist.sk\/info\/wp-json\/wp\/v2\/pages\/11387\/revisions"}],"predecessor-version":[{"id":72879,"href":"https:\/\/www.keturist.sk\/info\/wp-json\/wp\/v2\/pages\/11387\/revisions\/72879"}],"up":[{"embeddable":true,"href":"https:\/\/www.keturist.sk\/info\/wp-json\/wp\/v2\/pages\/49"}],"wp:featuredmedia":[{"embeddable":true,"href":"https:\/\/www.keturist.sk\/info\/wp-json\/wp\/v2\/media\/36784"}],"wp:attachment":[{"href":"https:\/\/www.keturist.sk\/info\/wp-json\/wp\/v2\/media?parent=11387"}],"curies":[{"name":"wp","href":"https:\/\/api.w.org\/{rel}","templated":true}]}}